{"id":169,"date":"2023-11-19T16:37:25","date_gmt":"2023-11-19T15:37:25","guid":{"rendered":"https:\/\/navos.ch\/?page_id=169"},"modified":"2023-11-19T16:37:25","modified_gmt":"2023-11-19T15:37:25","slug":"chronik","status":"publish","type":"page","link":"https:\/\/navos.ch\/?page_id=169","title":{"rendered":"Chronik"},"content":{"rendered":"\n<div style=\"height:100px\" aria-hidden=\"true\" class=\"wp-block-spacer\"><\/div>\n\n\n\n<div class=\"wp-block-group alignfull\"><div class=\"wp-block-group__inner-container is-layout-flow wp-block-group-is-layout-flow\">\n<div class=\"wp-block-group alignfull\"><div class=\"wp-block-group__inner-container is-layout-flow wp-block-group-is-layout-flow\">\n<div class=\"wp-block-jetpack-layout-grid alignfull column1-desktop-grid__span-3 column1-desktop-grid__row-1 column2-desktop-grid__span-8 column2-desktop-grid__start-4 column2-desktop-grid__row-1 column1-tablet-grid__span-3 column1-tablet-grid__row-1 column2-tablet-grid__span-5 column2-tablet-grid__start-4 column2-tablet-grid__row-1 column1-mobile-grid__span-4 column1-mobile-grid__row-1 column2-mobile-grid__span-4 column2-mobile-grid__row-2\">\n<div class=\"wp-block-jetpack-layout-grid-column wp-block-jetpack-layout-grid__padding-none\">\n<figure class=\"wp-block-pullquote has-background is-style-solid-color has-background-color has-accent-background-color has-text-color\"><blockquote><p><span style=\"color: #ccffff;\"><strong>Was wir heute tun, entscheidet dar\u00fcber, wie die Welt morgen aussieht<\/strong><\/span><\/p><cite><span style=\"color: #ffff99;\">Marie von Ebner-Eschenbach<\/span><\/cite><\/blockquote><\/figure>\n\n\n\n<p>&nbsp;<\/p>\n<\/div>\n\n\n\n<div class=\"wp-block-jetpack-layout-grid-column wp-block-jetpack-layout-grid__padding-none\">\n<p class=\"has-helvetica-font-family has-custom-font\" style=\"font-size:16px;font-family:Helvetica\"><strong>1937 Gr\u00fcndungs-Versammlung:&nbsp;<\/strong>30. Januar 1937 20.00 Uhr, Gasthaus Krone Stetten. Auf Initiative von Herrn Walter Fischer, Lehrer und Oskar Wettstein, Niederrohrdorf, wurde ein Gr\u00fcndungs-Referat \u00fcber Vogelschutz und Sch\u00e4dlingsbek\u00e4mpfung, mit Lichtbildern, abgehalten. Referent ist Herr Stirnemann, Aarau. Nach dem Vortrag wurde die Gr\u00fcndung des Vereines mit einem j\u00e4hrlichen Vereinsbeitrag von Fr. 1.50 beschlossen. 27 Anwesende haben die Schriftenb\u00f6gen unterzeichnet. Es wurde der erste Vorstand gew\u00e4hlt.<\/p>\n\n\n\n<p class=\"has-helvetica-font-family has-custom-font\" style=\"font-size:16px;font-family:Helvetica\"><strong>1. Vorstandssitzung:&nbsp;<\/strong>16. Februar 1937 20.00 Uhr, Gasthaus Krone Stetten. Es wurde beschlossen 20 &#8211; 30 Nistk\u00e4sten von der Firma Egloff Metallwarenfabrik Niederrohrdorf anzuschaffen. Infolge Finanzknappheit wurden aber nur deren 5 bestellt. Sp\u00e4ter wurden bis zu 75 St\u00fcck angeschafft.&nbsp;<strong>1. Exkursion<\/strong>: Am Pfingstmontag dem 17. Mai 1937, morgens von 04.30 Uhr bis 09.00 Uhr. Unter der Leitung von Oskar Wettstein versammelten sich 14 Mitglieder von Stetten sowie 12 Interessenten vom Nachbardorf T\u00e4gerig. Sammelplatz Central Stetten.<\/p>\n\n\n\n<p class=\"has-helvetica-font-family has-custom-font\" style=\"font-size:16px;font-family:Helvetica\"><strong>1938 1. Generalversammlung:<\/strong>&nbsp;21. Februar 1938, Gasthaus Krone Stetten. Mit 19 Mitgliedern ging diese Generalversammlung \u00fcber die B\u00fchne. Es wurde beschlossen, dass die Jahresbeitr\u00e4ge an der GV bezahlt werden. Der Vogelfutterverkauf wird von J. Fischer zur Krone organisiert. J\u00fcnglinge bis zum 18. Lebensjahr werden als Freimitglieder aufgenommen. Es wurde ein Gesuch an den Rat von Stetten gestellt um Beitrag in die Kasse. Fr. 2O.- wurden uns von den Beh\u00f6rden bewilligt. Die&nbsp;<strong>1. Reise<\/strong>&nbsp;f\u00fchrte uns per Velo zur Vogelwarte Sempach.<\/p>\n\n\n\n<p class=\"has-helvetica-font-family has-custom-font\" style=\"font-size:16px;font-family:Helvetica\"><strong>1939<\/strong>&nbsp;Grenzbesetzung: Krieg. Einr\u00fccken f\u00fcr unsere Wehrmacht. 1939 bis 1941 keine weiteren Angaben.<\/p>\n\n\n\n<p class=\"has-helvetica-font-family has-custom-font\" style=\"font-size:16px;font-family:Helvetica\"><strong>1941<\/strong>&nbsp;An der Generalversammlung vom 20. M\u00e4rz 1941 wird ein Obmann gesucht. Gew\u00e4hlt wurde Ernst Gerber-Sutter. Oskar Wettstein hielt einen Vortrag \u00fcber Raubv\u00f6gel. Die j\u00e4hrliche Exkursion wurde von Herrn Koch, Remetschwil, durchgef\u00fchrt.<\/p>\n\n\n\n<p class=\"has-helvetica-font-family has-custom-font\" style=\"font-size:16px;font-family:Helvetica\"><strong>1943<\/strong>&nbsp;Grenzbesetzung: Krieg. Trotzdem wurde eine GV am 13. M\u00e4rz 1943 in der Krone Stetten abgehalten. Viele Mitglieder und Nichtmitglieder waren anwesend.<\/p>\n\n\n\n<p class=\"has-helvetica-font-family has-custom-font\" style=\"font-size:16px;font-family:Helvetica\"><strong>1949<\/strong>&nbsp;An der Generalversammlung werden die Rechnungen von 1946-1948 genehmigt. Der Verein hat ein Verm\u00f6gen von Fr. 504.90. Der Vorstand wird von bisher drei auf f\u00fcnf Mitglieder erweitert. Der Lichtbildervortrag freie Gottes-Natur wurde an der GV gezeigt.<\/p>\n\n\n\n<p class=\"has-helvetica-font-family has-custom-font\" style=\"font-size:16px;font-family:Helvetica\"><strong>1953<\/strong>&nbsp;Nach 17 Jahren im Vorstand demissionierten der Pr\u00e4sident Walter Fischer und der Kassier Hermann Fischer.<\/p>\n\n\n\n<p class=\"has-helvetica-font-family has-custom-font\" style=\"font-size:16px;font-family:Helvetica\"><strong>1958<\/strong>&nbsp;Von 1953 &#8211; 1957 erfuhr der Verein, durch Vernachl\u00e4ssigung des Pr\u00e4sidenten Franz Geissmann, einen Stillstand. Durch die Initiative von Franz Hunn und Jakob Regez wurde eine ausserordentliche GV einberufen. Ein Teil des Vorstandes wurde ausgewechselt. Lichtbildervortrag \u00fcber Lappland.<\/p>\n\n\n\n<p class=\"has-helvetica-font-family has-custom-font\" style=\"font-size:16px;font-family:Helvetica\"><strong>1960<\/strong>&nbsp;Der Mitgliederbeitrag wird von Fr. 1.50 auf Fr. 2.- erh\u00f6ht, der Gemeindebeitrag von Fr. 50.- auf Fr. 100-. Es wird ein Wettbewerb f\u00fcr die Schuljugend organisiert. Der Pr\u00e4sident Jakob Regez bestand das Examen als Exkursions-Leiter. Von 41 Teilnehmern bestanden deren 9. Filmvortrag: Hollandreise und K\u00f6nig der L\u00fcfte.<\/p>\n\n\n\n<p class=\"has-helvetica-font-family has-custom-font\" style=\"font-size:16px;font-family:Helvetica\"><strong>1962<\/strong>&nbsp;Bestand 79 Mitglieder. Der Verein hat 72 Nistk\u00e4sten. In diesem Jahr fanden zwei Exkursionen statt. Der Verein ist 25 Jahre alt, es gibt eine kleine Feier. Neu werden die Vorstandsmitglieder alle zwei Jahre gew\u00e4hlt.<\/p>\n\n\n\n<p class=\"has-helvetica-font-family has-custom-font\" style=\"font-size:16px;font-family:Helvetica\"><strong>1964<\/strong>&nbsp;Bestand 97 Mitglieder. Kassier und Aktuar erhalten neu als Belohnung Fr. 20.- im Jahr. Film an der GV \u00fcber unseren Wald.<\/p>\n\n\n\n<p class=\"has-helvetica-font-family has-custom-font\" style=\"font-size:16px;font-family:Helvetica\"><strong>1965<\/strong>&nbsp;Der Mitgliederbestand hat die 100-Grenze \u00fcberschritten.<\/p>\n\n\n\n<p class=\"has-helvetica-font-family has-custom-font\" style=\"font-size:16px;font-family:Helvetica\"><strong>1966<\/strong>&nbsp;Es wird eine Vereinsreise nach Einsiedeln durchgef\u00fchrt mit einem Besuch des Historischen Museums im Kloster. Der Filmvortrag an der GV handelt von Wanderungen im Reusstal.<\/p>\n\n\n\n<p class=\"has-helvetica-font-family has-custom-font\" style=\"font-size:16px;font-family:Helvetica\"><strong>1967<\/strong>&nbsp;Der Vogelschutzverein ist 30 Jahre alt. Franz Hunn wird f\u00fcr 18 Jahre Kassier gew\u00fcrdigt. Der Verein z\u00e4hlt 118 Mitglieder und weist ein Verm\u00f6gen von Fr. 388.30 aus.<\/p>\n\n\n\n<p class=\"has-helvetica-font-family has-custom-font\" style=\"font-size:16px;font-family:Helvetica\"><strong>1968<\/strong>&nbsp;Die Generalversammlung findet erstmals in der Turnhalle statt. Die Vereinsreise f\u00fchrte uns in die Storchensiedlung Altr\u00e4u. Ueber das Jahr verteilt organisierte der Verein zwei Exkursionen. Schwalbennester werden angeschafft .<\/p>\n\n\n\n<p class=\"has-helvetica-font-family has-custom-font\" style=\"font-size:16px;font-family:Helvetica\"><strong>1969<\/strong>&nbsp;Es wird eine Patenschaft \u00fcber Fr. 50.- f\u00fcr einen Storch \u00fcbernommen. Name des Storches ist Adelbar. Hunn Franz wird Ehrenmitglied, er ist 20 Jahre Kassier des Vereines.<\/p>\n\n\n\n<p class=\"has-helvetica-font-family has-custom-font\" style=\"font-size:16px;font-family:Helvetica\"><strong>1970<\/strong>&nbsp;Mitgliederbeitrag wird auf Fr. 3.- angehoben.<\/p>\n\n\n\n<p class=\"has-helvetica-font-family has-custom-font\" style=\"font-size:16px;font-family:Helvetica\"><strong>1975<\/strong>&nbsp;Bestand der Nistk\u00e4sten 195 St\u00fcck, deren 155 aufgeh\u00e4ngt sind. Der Vogelfutterverkauf wird durch Pius Leimgruber durchgef\u00fchrt. In unserer Gemeinde taucht die Tollwut auf.<\/p>\n\n\n\n<p class=\"has-helvetica-font-family has-custom-font\" style=\"font-size:16px;font-family:Helvetica\"><strong>1977<\/strong>&nbsp;Der Verein wird 40 Jahre alt. Durch Initiative von Jakob Regez, Pr\u00e4sident, wird in K\u00fcnten-Sulz ein neuer Vogelschutzverein gegr\u00fcndet. Das Vereinsverm\u00f6gen betr\u00e4gt Fr. 2&#8217;770.65. 196 Mitglieder z\u00e4hlt der Verein.<\/p>\n\n\n\n<p class=\"has-helvetica-font-family has-custom-font\" style=\"font-size:16px;font-family:Helvetica\"><strong>1982<\/strong>&nbsp;Wie alle Jahre f\u00fchrt der Verein Nistkastenkontrollen durch. Es wird \u00fcber 177 Kilo. Vogelfutter verkauft. Wie schon seit einigen Jahren umrahmt das Doppel Quartett die Generalversammlung musikalisch.<\/p>\n\n\n\n<p class=\"has-helvetica-font-family has-custom-font\" style=\"font-size:16px;font-family:Helvetica\"><strong>1983<\/strong>&nbsp;Jakob Regez wird f\u00fcr 25 Jahre Pr\u00e4sidentschaft geehrt und zum Ehrenpr\u00e4sidenten ernannt. Er erh\u00e4lt als Geschenk vom Verein einen gesch\u00fctzten Wanderfalken.<\/p>\n\n\n\n<p class=\"has-helvetica-font-family has-custom-font\" style=\"font-size:16px;font-family:Helvetica\"><strong>1986<\/strong>&nbsp;Der Jahresbeitrag wird auf Fr. 8.- erh\u00f6ht. Beim Vogelfutterverkauf wurden 250 Kilo abgesetzt.<\/p>\n\n\n\n<p class=\"has-helvetica-font-family has-custom-font\" style=\"font-size:16px;font-family:Helvetica\"><strong>1987<\/strong>&nbsp;Wieder ist der Verein 10 Jahre \u00e4lter. Der Vogelfutterverkauf steigt auf 360 Kilo an. Es wird eine Abendexkursion mit K\u00fcnten-Sulz durchgef\u00fchrt, sowie Sch\u00fclerexkursionen. Es werden Fr. 1&#8217;751.- Mitgliederbeitr\u00e4ge eingezogen. Das Verm\u00f6gen ist auf Fr. 4&#8217;886.30 angestiegen.<\/p>\n\n\n\n<p class=\"has-helvetica-font-family has-custom-font\" style=\"font-size:16px;font-family:Helvetica\"><strong>1989<\/strong>&nbsp;Es werden Exkursionen sowie Nachtexkursionen mit K\u00fcnten-Sulz durchgef\u00fchrt.<\/p>\n\n\n\n<p class=\"has-helvetica-font-family has-custom-font\" style=\"font-size:16px;font-family:Helvetica\"><strong>1992<\/strong>&nbsp;Der Verein wird immer aktiver. Es werden folgende T\u00e4tigkeiten durchs Jahr hindurch durchgef\u00fchrt. Heckenpflege im H\u00fcrst, Sch\u00fcler-Exkursionen, Reise Wasserschloss Hallwil mit Wanderung am Hallwilersee. Die Jugend-Natur-Schutzgruppe wird gegr\u00fcndet. Ausser Stetten sind K\u00fcnten-Sulz sowie Niederrohrdorf die Tr\u00e4gervereine.<\/p>\n\n\n\n<p class=\"has-helvetica-font-family has-custom-font\" style=\"font-size:16px;font-family:Helvetica\"><strong>1994<\/strong>&nbsp;An der Einweihung des Mehrzweckgeb\u00e4udes hilft unser Verein tatkr\u00e4ftig mit.<\/p>\n\n\n\n<p class=\"has-helvetica-font-family has-custom-font\" style=\"font-size:16px;font-family:Helvetica\"><strong>1997<\/strong>&nbsp;Zu seinem 60. Geburtstag ver\u00f6ffentlichte der 1937 gegr\u00fcndete NAVOS eine informative Festschrift. H\u00f6hepunkt des Jubil\u00e4umsjahres war sicher die Ausstellung \u201eVielf\u00e4ltige Natur\u201c. Josef Gasser und seine Mitarbeiter brachten mit der wundersch\u00f6nen und lehrreichen Ausstellung den Wald mit der ganzen Vielfalt seiner Lebewesen in den auf dem Schulhausplatz aufgestellten Pavillon. Die \u00fcber den Kanton hinaus beachtete NAVOS-Ausstellung musste nach einer Woche leider wieder abger\u00e4umt werden. Das parallel zur Ausstellung gef\u00fchrte Festbeizli trug wesentlich zum rekordhohen Jahres\u00fcberschuss der Vereinskasse von rund 5&#8217;000 Franken bei. Anl\u00e4sslich des Jubil\u00e4ums wurde in Stetten auch die kantonale Delegiertenversammlung abgehalten.<\/p>\n\n\n\n<p class=\"has-helvetica-font-family has-custom-font\" style=\"font-size:16px;font-family:Helvetica\"><strong>1998<\/strong>&nbsp;Das Jahr stand in der Gemeinde im Zeichen des Jubil\u00e4ums \u201e1000 Jahre Stetten\u201c. Der NAVOS beteiligte sich am Dorffest im August w\u00e4hrend drei Tagen mit einer Grillbeiz. Und anl\u00e4sslich der im Oktober durch die Bev\u00f6lkerung erfolgten Pflanzung von tausend Eichen im H\u00fcrstwald f\u00fchrte der Verein die Festwirtschaft. Der Arbeitseinsatz von NAVOS-Mitgliedern bei grossen Gemeindefesten demonstriert auch immer wieder die starke Verankerung des Vereins im Stetter Dorfleben<\/p>\n\n\n\n<p class=\"has-helvetica-font-family has-custom-font\" style=\"font-size:16px;font-family:Helvetica\"><strong>1999<\/strong>&nbsp;Der erstmals organisierte Raclette-Plausch erweist sich als gute M\u00f6glichkeit die Kameradschaft zu pflegen und G\u00e4ste einzuladen. Der Anlass erweitert das zur Tradition gewordene \u2013 und im Laufe der Jahre immer umfangreicher gewordene &#8211; NAVOS-Jahresprogramm mit den Morgen-, Abend- und Winter- und Sch\u00fclerexkursionen, mit Pfingstwanderung und Vereinsreise und mit den drei Arbeitseins\u00e4tzen (Heckenpflege, Nistkastenreinigung und Schutz des Amphibienzuges). Die Vereinsreise f\u00fchrte nach Schaffhausen ins Stemmlermuseum. Am 26. Dezember fegte der Jahrhundertsturm \u201eLothar\u201c \u00fcber das Land und hinterliess neben enormen Sch\u00e4den auch neue Chancen f\u00fcr die Vegetation.<\/p>\n\n\n\n<p class=\"has-helvetica-font-family has-custom-font\" style=\"font-size:16px;font-family:Helvetica\"><strong>2000<\/strong>&nbsp;Ein besonderes Ereignis f\u00fcr die Vogel- und Naturfreunde war die Ankunft eines Weissstorchenpaars auf dem alten Kamin der Brennerei Humbel. Dies dank den Vorbereitungsarbeiten von Max und Angela Humbel. Mit dem Grillstand am Musiktag in Stetten engagierte sich der NAVOS wieder an einem d\u00f6rflichen Grossanlass. Die Vereinsreise f\u00fchrte ins Rheindelta am Bodensee.<\/p>\n\n\n\n<p class=\"has-helvetica-font-family has-custom-font\" style=\"font-size:16px;font-family:Helvetica\"><strong>2001<\/strong>&nbsp;Erstmals seit 1994 wurde die Lurchschranke an der K\u00fcnterstrasse nicht aufgestellt. Die Ver\u00e4nderung des Amphibienzugs hatte die Zahl der jeweils sicher \u00fcber die Strasse gebrachten Tiere markant reduziert. Dies, nachdem Mitte der 90er Jahre noch gegen 600 Amphibien (haupts\u00e4chlich Grasfr\u00f6sche) gez\u00e4hlt werden konnten. F\u00fcr seinen Einsatz f\u00fcr die Natur und f\u00fcr die F\u00f6rderung des Bewusstseins f\u00fcr die Natur wird Josef Gasser zum Ehrenmitglied ernannt. Der Kassenbestand erreicht rund 19&#8217;000 Franken.<\/p>\n\n\n\n<p class=\"has-helvetica-font-family has-custom-font\" style=\"font-size:16px;font-family:Helvetica\"><strong>2002<\/strong>&nbsp;Erstmals haben es zwei Stetter Jungst\u00f6rche geschafft in den S\u00fcden zu fliegen. Im Vorjahr war der Jungstorch wahrscheinlich dem K\u00e4lteeinbruch zum Opfer gefallen. Die Vereinsreise f\u00fchrte zum Vogelpark Steinen im Schwarzwald. Mit&nbsp;<em><u><strong>www.navos.ch<\/strong><\/u><\/em>&nbsp;ist der Verein mit einer informativen Homepage im Internet pr\u00e4sent.<\/p>\n\n\n\n<p class=\"has-helvetica-font-family has-custom-font\" style=\"font-size:16px;font-family:Helvetica\"><strong>2003<\/strong>&nbsp;NAVOS-Pr\u00e4sident Alois Vogler kann mit Unterst\u00fctzung der Feuerwehr gleich drei Jungst\u00f6rche f\u00fcr die Beringung vom Kamin holen. Die Storchenberingung entwickelt sich immer mehr zu einem kleinen Dorffest mit der Chance den Storch ganz nah zu sehen f\u00fcr die Kleinen und mit dem Apero f\u00fcr die Grossen. Das Kantonsjubil\u00e4um \u201e200 Jahre Aargau\u201c brachte f\u00fcr den NAVOS einen zus\u00e4tzlichen Arbeitseinsatz mit der Mitarbeit in der Festwirtschaft. Anna Fischer und Armin Zuber werden zu Ehrenmitgliedern ernannt.<\/p>\n\n\n\n<p class=\"has-helvetica-font-family has-custom-font\" style=\"font-size:16px;font-family:Helvetica\"><strong>2004<\/strong>&nbsp;Der NAVOS sperrte erstmals zum Schutz des Amphibienzuges w\u00e4hrend einer Woche jeweils nachts die Strasse Stetten \u2013 K\u00fcnten Sulz. Die Sperrung erfolgt mit Bewilligung der beiden betroffenen Gemeinden, wird aber leider nicht von allen Autofahrern respektiert. Der Vereinsausflug f\u00fchrte zum Naturschutzzentrum La Sauge am Neuenburgersee. Die Auswertung einer Umfrage zu den Vereinsaktivit\u00e4ten zeigt, dass die NAVOS auf dem richtigen Weg ist. Angela und Max Humbel, die sich um die Storchenansiedlung in Stetten verdient gemacht haben, werden zu Ehrenmitgliedern bestimmt.<\/p>\n\n\n\n<p class=\"has-helvetica-font-family has-custom-font\" style=\"font-size:16px;font-family:Helvetica\"><strong>2005<\/strong>&nbsp;Andr\u00e9 Muiter wird in den Vorstand gew\u00e4hlt. Ein prominent platzierter Beitrag in der Mittellandzeitung \u00fcber die Beringung macht die Stetter St\u00f6rche im ganzen Kanton bekannt. Zum Erfreulichen geh\u00f6rten 2005 u.a. auch zwei Turmfalkenbruten mit sieben Jungen.<\/p>\n\n\n\n<p class=\"has-helvetica-font-family has-custom-font\" style=\"font-size:16px;font-family:Helvetica\"><strong>2006<\/strong>&nbsp;Die Mitgliederstatistik zeigt 70 Familienmitglieder und 60 Einzelmitglieder. Die Vereinsreise f\u00fchrte ins Entlebuch. Einer der zwei 2006er Jungst\u00f6rche wurde auf den Namen Alois getauft, auch als Anerkennung f\u00fcr den Einsatz des NAVOS-Pr\u00e4sidenten f\u00fcr die Natur.<\/p>\n\n\n\n<p class=\"has-helvetica-font-family has-custom-font\" style=\"font-size:16px;font-family:Helvetica\"><strong>2007<\/strong>&nbsp;Die Jahresrechnung zeigte einen erfreulichen \u00dcberschuss von 3&#8217;700 Franken. Dazu beigetragen hat auch die anl\u00e4sslich der Schulhauseinweihung zusammen mit Frauenverein und Familientreff gef\u00fchrte Spaghetteria. Yolanda H\u00fcgli wurde in den Vorstand gew\u00e4hlt und zur Aktuarin bestimmt. Einige Vereinsmitglieder bilden eine Arbeitsgruppe zum laufenden Flicken und Ersetzen der defekten Nistk\u00e4sten. Die jeden Herbst durchgef\u00fchrte Kontrolle der rund 300 Nistk\u00e4sten zeigt regelm\u00e4ssig eine hohe Belegung der Nisthilfen in der Gr\u00f6ssenordnung von etwa 75 Prozent. Der grosse Arbeitseinsatz lohnt sich also. Die Bereitstellung von Nisthilfen geh\u00f6rte schon zu den ersten Aktivit\u00e4ten des Vereins, wie auch der Vogelfutterverkauf.<\/p>\n\n\n\n<p class=\"has-helvetica-font-family has-custom-font\" style=\"font-size:16px;font-family:Helvetica\"><strong>2008<\/strong>&nbsp;Alois Vogler f\u00fchrt seit zwanzig Jahren mit grossem Einsatz den Verein. Die GV ehrte das langj\u00e4hrige Vorstandsmitglied Kurt Meier mit der Ehrenmitgliedschaft. Neben der Sperrung der Strasse Stetten \u2013 K\u00fcnten Sulz w\u00e4hrend einer Woche wurde zum Schutz des Amphibienzuges auch wieder eine Lurchschranke an der K\u00fcntenstrasse erstellt. Die Vereinsreise ging zur Storchensiedlung Altreu. Der neu ins Programm aufgenommene&nbsp;Familienplauschtag animiert auch die Kleinen zum Mitmachen. Die GV setzte die nach zwanzig Jahren revidierten Statuten in Kraft. Mit dem neuen Rekordstand von gut 29&#8217;000 Franken ist die Kasse f\u00fcr k\u00fcnftige Aufgaben des Vereins ger\u00fcstet. Das B\u00f6simoos wurde erfreulicherweise von Pro Natura ersteigert &#8211; zur F\u00f6rderung der Froschpopulation. F\u00fcr den NAVOS, die ebenfalls entsprechende Abkl\u00e4rungen getroffen hatte, war das Projekt ein zu grosser Brocken.<\/p>\n\n\n\n<p class=\"has-helvetica-font-family has-custom-font\" style=\"font-size:16px;font-family:Helvetica\"><strong>2009<\/strong>&nbsp;Drama im Stetter Storchennest. Das neue Storchenweibchen wurde vom letztj\u00e4hrigen vertrieben und attackierte die drei Jungst\u00f6rche. Dank Noteinsatz des NAVOS-Pr\u00e4sidenten mit Feuerwehrunterst\u00fctzung hat wenigstens ein Jungstorch \u00fcberlebt. Eine weitere Horstplattform f\u00fcr St\u00f6rche hofft auf baldige Benutzung. Sepp Businger wurde in den Vorstand gew\u00e4hlt.<\/p>\n\n\n\n<p class=\"has-helvetica-font-family has-custom-font\" style=\"font-size:16px;font-family:Helvetica\"><strong>2011&nbsp;<\/strong>Die Durchsicht der Jahresberichte und Sitzungsprotokolle \u00fcber die vergangenen Vereinsjahre zeigt einerseits eine markante Ausweitung der Vereinsaktivit\u00e4ten und parallel dazu eine Entwicklung vom klassischen Vogelschutz in Richtung eines breit verstandenen Naturschutzes und der F\u00f6rderung von Freude und Verst\u00e4ndnis an der Natur. Der 2011 zum dritten Mal organisierte Familienwaldtag und Aktivit\u00e4ten, wie der Bau von Insektenhotels als wichtige Nisthilfen, illustrieren diese mit grossem Einsatz erfolgte Entwicklung. Zum traditionellen Jahresprogramm kam 2011 die Vorbereitung f\u00fcr das Vereinsjubil\u00e4um. Der NAVOS wird zu seinem 75. Geburtstag im 2012 im August einen Natur-Informationspfad einweihen. Dieser soll Naturbegeisterten an sieben Posten einen guten Einblick in die hiesige Natur vermitteln.<\/p>\n\n\n\n<p class=\"has-helvetica-font-family has-custom-font\" style=\"font-size:16px;font-family:Helvetica\"><em><em>Peter Heimgartner \/ Peter Sonderegger<\/em><\/em><\/p>\n<\/div>\n<\/div>\n<\/div><\/div>\n<\/div><\/div>\n\n\n\n<p>&nbsp;<\/p>\n","protected":false},"excerpt":{"rendered":"<p>Was wir heute tun, entscheidet dar\u00fcber, wie die Welt morgen aussieht Marie von Ebner-Eschenbach &nbsp; 1937 Gr\u00fcndungs-Versammlung:&nbsp;30. Januar 1937 20.00 Uhr, Gasthaus Krone Stetten. Auf Initiative von Herrn Walter Fischer, Lehrer und Oskar Wettstein, Niederrohrdorf, wurde ein Gr\u00fcndungs-Referat \u00fcber Vogelschutz und Sch\u00e4dlingsbek\u00e4mpfung, mit Lichtbildern, abgehalten. Referent ist Herr Stirnemann, Aarau. Nach dem Vortrag wurde die [&hellip;]<\/p>\n","protected":false},"author":196019482,"featured_media":0,"parent":0,"menu_order":0,"comment_status":"closed","ping_status":"closed","template":"","meta":{"_coblocks_attr":"Helvetica,Helvetica","_coblocks_dimensions":"","_coblocks_responsive_height":"","_coblocks_accordion_ie_support":"","footnotes":""},"class_list":["post-169","page","type-page","status-publish","hentry"],"yoast_head":"<!-- This site is optimized with the Yoast SEO plugin v20.8 - https:\/\/yoast.com\/wordpress\/plugins\/seo\/ -->\n<title>Chronik - Natur- und Vogelschutzverein Stetten \/ K\u00fcnten<\/title>\n<meta name=\"robots\" content=\"index, follow, max-snippet:-1, max-image-preview:large, max-video-preview:-1\" \/>\n<link rel=\"canonical\" href=\"https:\/\/navos.ch\/?page_id=169\" \/>\n<meta property=\"og:locale\" content=\"de_DE\" \/>\n<meta property=\"og:type\" content=\"article\" \/>\n<meta property=\"og:title\" content=\"Chronik - Natur- und Vogelschutzverein Stetten \/ K\u00fcnten\" \/>\n<meta property=\"og:description\" content=\"Was wir heute tun, entscheidet dar\u00fcber, wie die Welt morgen aussieht Marie von Ebner-Eschenbach &nbsp; 1937 Gr\u00fcndungs-Versammlung:&nbsp;30. Januar 1937 20.00 Uhr, Gasthaus Krone Stetten. Auf Initiative von Herrn Walter Fischer, Lehrer und Oskar Wettstein, Niederrohrdorf, wurde ein Gr\u00fcndungs-Referat \u00fcber Vogelschutz und Sch\u00e4dlingsbek\u00e4mpfung, mit Lichtbildern, abgehalten. Referent ist Herr Stirnemann, Aarau. Nach dem Vortrag wurde die [&hellip;]\" \/>\n<meta property=\"og:url\" content=\"https:\/\/navos.ch\/?page_id=169\" \/>\n<meta property=\"og:site_name\" content=\"Natur- und Vogelschutzverein Stetten \/ K\u00fcnten\" \/>\n<meta name=\"twitter:card\" content=\"summary_large_image\" \/>\n<meta name=\"twitter:label1\" content=\"Gesch\u00e4tzte Lesezeit\" \/>\n\t<meta name=\"twitter:data1\" content=\"10\u00a0Minuten\" \/>\n<script type=\"application\/ld+json\" class=\"yoast-schema-graph\">{\"@context\":\"https:\/\/schema.org\",\"@graph\":[{\"@type\":\"WebPage\",\"@id\":\"https:\/\/navos.ch\/?page_id=169\",\"url\":\"https:\/\/navos.ch\/?page_id=169\",\"name\":\"Chronik - Natur- und Vogelschutzverein Stetten \/ K\u00fcnten\",\"isPartOf\":{\"@id\":\"https:\/\/navos.ch\/#website\"},\"datePublished\":\"2023-11-19T15:37:25+00:00\",\"dateModified\":\"2023-11-19T15:37:25+00:00\",\"breadcrumb\":{\"@id\":\"https:\/\/navos.ch\/?page_id=169#breadcrumb\"},\"inLanguage\":\"de\",\"potentialAction\":[{\"@type\":\"ReadAction\",\"target\":[\"https:\/\/navos.ch\/?page_id=169\"]}]},{\"@type\":\"BreadcrumbList\",\"@id\":\"https:\/\/navos.ch\/?page_id=169#breadcrumb\",\"itemListElement\":[{\"@type\":\"ListItem\",\"position\":1,\"name\":\"Startseite\",\"item\":\"https:\/\/navos.ch\/\"},{\"@type\":\"ListItem\",\"position\":2,\"name\":\"Chronik\"}]},{\"@type\":\"WebSite\",\"@id\":\"https:\/\/navos.ch\/#website\",\"url\":\"https:\/\/navos.ch\/\",\"name\":\"Natur- und Vogelschutzverein Stetten \/ K\u00fcnten\",\"description\":\"\",\"publisher\":{\"@id\":\"https:\/\/navos.ch\/#organization\"},\"potentialAction\":[{\"@type\":\"SearchAction\",\"target\":{\"@type\":\"EntryPoint\",\"urlTemplate\":\"https:\/\/navos.ch\/?s={search_term_string}\"},\"query-input\":\"required name=search_term_string\"}],\"inLanguage\":\"de\"},{\"@type\":\"Organization\",\"@id\":\"https:\/\/navos.ch\/#organization\",\"name\":\"Natur- und Vogelschutzverein Stetten \/ K\u00fcnten\",\"url\":\"https:\/\/navos.ch\/\",\"logo\":{\"@type\":\"ImageObject\",\"inLanguage\":\"de\",\"@id\":\"https:\/\/navos.ch\/#\/schema\/logo\/image\/\",\"url\":\"https:\/\/i0.wp.com\/navos.ch\/wp-content\/uploads\/2023\/11\/cropped-cropped-cropped-cropped-LOGO-500X500-Web-Background.jpg?fit=511%2C432&ssl=1\",\"contentUrl\":\"https:\/\/i0.wp.com\/navos.ch\/wp-content\/uploads\/2023\/11\/cropped-cropped-cropped-cropped-LOGO-500X500-Web-Background.jpg?fit=511%2C432&ssl=1\",\"width\":511,\"height\":432,\"caption\":\"Natur- und Vogelschutzverein Stetten \/ K\u00fcnten\"},\"image\":{\"@id\":\"https:\/\/navos.ch\/#\/schema\/logo\/image\/\"}}]}<\/script>\n<!-- \/ Yoast SEO plugin. -->","yoast_head_json":{"title":"Chronik - Natur- und Vogelschutzverein Stetten \/ K\u00fcnten","robots":{"index":"index","follow":"follow","max-snippet":"max-snippet:-1","max-image-preview":"max-image-preview:large","max-video-preview":"max-video-preview:-1"},"canonical":"https:\/\/navos.ch\/?page_id=169","og_locale":"de_DE","og_type":"article","og_title":"Chronik - Natur- und Vogelschutzverein Stetten \/ K\u00fcnten","og_description":"Was wir heute tun, entscheidet dar\u00fcber, wie die Welt morgen aussieht Marie von Ebner-Eschenbach &nbsp; 1937 Gr\u00fcndungs-Versammlung:&nbsp;30. Januar 1937 20.00 Uhr, Gasthaus Krone Stetten. Auf Initiative von Herrn Walter Fischer, Lehrer und Oskar Wettstein, Niederrohrdorf, wurde ein Gr\u00fcndungs-Referat \u00fcber Vogelschutz und Sch\u00e4dlingsbek\u00e4mpfung, mit Lichtbildern, abgehalten. Referent ist Herr Stirnemann, Aarau. Nach dem Vortrag wurde die [&hellip;]","og_url":"https:\/\/navos.ch\/?page_id=169","og_site_name":"Natur- und Vogelschutzverein Stetten \/ K\u00fcnten","twitter_card":"summary_large_image","twitter_misc":{"Gesch\u00e4tzte Lesezeit":"10\u00a0Minuten"},"schema":{"@context":"https:\/\/schema.org","@graph":[{"@type":"WebPage","@id":"https:\/\/navos.ch\/?page_id=169","url":"https:\/\/navos.ch\/?page_id=169","name":"Chronik - Natur- und Vogelschutzverein Stetten \/ K\u00fcnten","isPartOf":{"@id":"https:\/\/navos.ch\/#website"},"datePublished":"2023-11-19T15:37:25+00:00","dateModified":"2023-11-19T15:37:25+00:00","breadcrumb":{"@id":"https:\/\/navos.ch\/?page_id=169#breadcrumb"},"inLanguage":"de","potentialAction":[{"@type":"ReadAction","target":["https:\/\/navos.ch\/?page_id=169"]}]},{"@type":"BreadcrumbList","@id":"https:\/\/navos.ch\/?page_id=169#breadcrumb","itemListElement":[{"@type":"ListItem","position":1,"name":"Startseite","item":"https:\/\/navos.ch\/"},{"@type":"ListItem","position":2,"name":"Chronik"}]},{"@type":"WebSite","@id":"https:\/\/navos.ch\/#website","url":"https:\/\/navos.ch\/","name":"Natur- und Vogelschutzverein Stetten \/ K\u00fcnten","description":"","publisher":{"@id":"https:\/\/navos.ch\/#organization"},"potentialAction":[{"@type":"SearchAction","target":{"@type":"EntryPoint","urlTemplate":"https:\/\/navos.ch\/?s={search_term_string}"},"query-input":"required name=search_term_string"}],"inLanguage":"de"},{"@type":"Organization","@id":"https:\/\/navos.ch\/#organization","name":"Natur- und Vogelschutzverein Stetten \/ K\u00fcnten","url":"https:\/\/navos.ch\/","logo":{"@type":"ImageObject","inLanguage":"de","@id":"https:\/\/navos.ch\/#\/schema\/logo\/image\/","url":"https:\/\/i0.wp.com\/navos.ch\/wp-content\/uploads\/2023\/11\/cropped-cropped-cropped-cropped-LOGO-500X500-Web-Background.jpg?fit=511%2C432&ssl=1","contentUrl":"https:\/\/i0.wp.com\/navos.ch\/wp-content\/uploads\/2023\/11\/cropped-cropped-cropped-cropped-LOGO-500X500-Web-Background.jpg?fit=511%2C432&ssl=1","width":511,"height":432,"caption":"Natur- und Vogelschutzverein Stetten \/ K\u00fcnten"},"image":{"@id":"https:\/\/navos.ch\/#\/schema\/logo\/image\/"}}]}},"jetpack_likes_enabled":true,"jetpack_sharing_enabled":false,"jetpack_shortlink":"https:\/\/wp.me\/PeSOXa-2J","jetpack-related-posts":[],"_links":{"self":[{"href":"https:\/\/navos.ch\/index.php?rest_route=\/wp\/v2\/pages\/169","targetHints":{"allow":["GET"]}}],"collection":[{"href":"https:\/\/navos.ch\/index.php?rest_route=\/wp\/v2\/pages"}],"about":[{"href":"https:\/\/navos.ch\/index.php?rest_route=\/wp\/v2\/types\/page"}],"author":[{"embeddable":true,"href":"https:\/\/navos.ch\/index.php?rest_route=\/wp\/v2\/users\/196019482"}],"replies":[{"embeddable":true,"href":"https:\/\/navos.ch\/index.php?rest_route=%2Fwp%2Fv2%2Fcomments&post=169"}],"version-history":[{"count":13,"href":"https:\/\/navos.ch\/index.php?rest_route=\/wp\/v2\/pages\/169\/revisions"}],"predecessor-version":[{"id":1329,"href":"https:\/\/navos.ch\/index.php?rest_route=\/wp\/v2\/pages\/169\/revisions\/1329"}],"wp:attachment":[{"href":"https:\/\/navos.ch\/index.php?rest_route=%2Fwp%2Fv2%2Fmedia&parent=169"}],"curies":[{"name":"wp","href":"https:\/\/api.w.org\/{rel}","templated":true}]}}