{"id":359,"date":"2023-11-19T20:29:05","date_gmt":"2023-11-19T19:29:05","guid":{"rendered":"https:\/\/navos.ch\/?page_id=359"},"modified":"2023-11-19T20:29:05","modified_gmt":"2023-11-19T19:29:05","slug":"exkursionen","status":"publish","type":"page","link":"https:\/\/navos.ch\/?page_id=359","title":{"rendered":"Exkursionen und Anl\u00e4sse"},"content":{"rendered":"\n<p class=\"has-helvetica-font-family has-custom-font\" style=\"font-family:Helvetica\">Nisthilfenbau<\/p>\n\n\n\n<p class=\"has-helvetica-font-family has-custom-font\" style=\"font-family:Helvetica\">Morgenexkursion<\/p>\n\n\n\n<p class=\"has-helvetica-font-family has-custom-font\" style=\"font-family:Helvetica\">Pfingstwanderung<\/p>\n\n\n\n<p class=\"has-helvetica-font-family has-custom-font\" style=\"font-family:Helvetica\">Racletteplausch<\/p>\n\n\n\n<p class=\"has-helvetica-font-family has-custom-font\" style=\"font-family:Helvetica\">Winterexkursion<\/p>\n","protected":false},"excerpt":{"rendered":"<p>Nisthilfenbau Morgenexkursion Pfingstwanderung Racletteplausch Winterexkursion<\/p>\n","protected":false},"author":229928507,"featured_media":0,"parent":0,"menu_order":0,"comment_status":"closed","ping_status":"closed","template":"","meta":{"_coblocks_attr":"Helvetica,Helvetica","_coblocks_dimensions":"","_coblocks_responsive_height":"","_coblocks_accordion_ie_support":"","footnotes":""},"class_list":["post-359","page","type-page","status-publish","hentry"],"yoast_head":"<!-- This site is optimized with the Yoast SEO plugin v20.8 - https:\/\/yoast.com\/wordpress\/plugins\/seo\/ -->\n<title>Exkursionen und Anl\u00e4sse - Natur- und Vogelschutzverein Stetten \/ K\u00fcnten<\/title>\n<meta name=\"robots\" content=\"index, follow, max-snippet:-1, max-image-preview:large, max-video-preview:-1\" \/>\n<link rel=\"canonical\" href=\"https:\/\/navos.ch\/?page_id=359\" \/>\n<meta property=\"og:locale\" content=\"de_DE\" \/>\n<meta property=\"og:type\" content=\"article\" \/>\n<meta property=\"og:title\" content=\"Exkursionen und Anl\u00e4sse - Natur- und Vogelschutzverein Stetten \/ K\u00fcnten\" \/>\n<meta property=\"og:description\" content=\"Nisthilfenbau Morgenexkursion Pfingstwanderung Racletteplausch Winterexkursion\" \/>\n<meta property=\"og:url\" content=\"https:\/\/navos.ch\/?page_id=359\" \/>\n<meta property=\"og:site_name\" content=\"Natur- und Vogelschutzverein Stetten \/ K\u00fcnten\" \/>\n<meta name=\"twitter:card\" content=\"summary_large_image\" \/>\n<script type=\"application\/ld+json\" class=\"yoast-schema-graph\">{\"@context\":\"https:\/\/schema.org\",\"@graph\":[{\"@type\":\"WebPage\",\"@id\":\"https:\/\/navos.ch\/?page_id=359\",\"url\":\"https:\/\/navos.ch\/?page_id=359\",\"name\":\"Exkursionen und Anl\u00e4sse - Natur- und Vogelschutzverein Stetten \/ K\u00fcnten\",\"isPartOf\":{\"@id\":\"https:\/\/navos.ch\/#website\"},\"datePublished\":\"2023-11-19T19:29:05+00:00\",\"dateModified\":\"2023-11-19T19:29:05+00:00\",\"breadcrumb\":{\"@id\":\"https:\/\/navos.ch\/?page_id=359#breadcrumb\"},\"inLanguage\":\"de\",\"potentialAction\":[{\"@type\":\"ReadAction\",\"target\":[\"https:\/\/navos.ch\/?page_id=359\"]}]},{\"@type\":\"BreadcrumbList\",\"@id\":\"https:\/\/navos.ch\/?page_id=359#breadcrumb\",\"itemListElement\":[{\"@type\":\"ListItem\",\"position\":1,\"name\":\"Startseite\",\"item\":\"https:\/\/navos.ch\/\"},{\"@type\":\"ListItem\",\"position\":2,\"name\":\"Exkursionen und Anl\u00e4sse\"}]},{\"@type\":\"WebSite\",\"@id\":\"https:\/\/navos.ch\/#website\",\"url\":\"https:\/\/navos.ch\/\",\"name\":\"Natur- und Vogelschutzverein Stetten \/ K\u00fcnten\",\"description\":\"\",\"publisher\":{\"@id\":\"https:\/\/navos.ch\/#organization\"},\"potentialAction\":[{\"@type\":\"SearchAction\",\"target\":{\"@type\":\"EntryPoint\",\"urlTemplate\":\"https:\/\/navos.ch\/?s={search_term_string}\"},\"query-input\":\"required name=search_term_string\"}],\"inLanguage\":\"de\"},{\"@type\":\"Organization\",\"@id\":\"https:\/\/navos.ch\/#organization\",\"name\":\"Natur- und Vogelschutzverein Stetten \/ K\u00fcnten\",\"url\":\"https:\/\/navos.ch\/\",\"logo\":{\"@type\":\"ImageObject\",\"inLanguage\":\"de\",\"@id\":\"https:\/\/navos.ch\/#\/schema\/logo\/image\/\",\"url\":\"https:\/\/i0.wp.com\/navos.ch\/wp-content\/uploads\/2023\/11\/cropped-cropped-cropped-cropped-LOGO-500X500-Web-Background.jpg?fit=511%2C432&ssl=1\",\"contentUrl\":\"https:\/\/i0.wp.com\/navos.ch\/wp-content\/uploads\/2023\/11\/cropped-cropped-cropped-cropped-LOGO-500X500-Web-Background.jpg?fit=511%2C432&ssl=1\",\"width\":511,\"height\":432,\"caption\":\"Natur- und Vogelschutzverein Stetten \/ K\u00fcnten\"},\"image\":{\"@id\":\"https:\/\/navos.ch\/#\/schema\/logo\/image\/\"}}]}<\/script>\n<!-- \/ Yoast SEO plugin. -->","yoast_head_json":{"title":"Exkursionen und Anl\u00e4sse - Natur- und Vogelschutzverein Stetten \/ K\u00fcnten","robots":{"index":"index","follow":"follow","max-snippet":"max-snippet:-1","max-image-preview":"max-image-preview:large","max-video-preview":"max-video-preview:-1"},"canonical":"https:\/\/navos.ch\/?page_id=359","og_locale":"de_DE","og_type":"article","og_title":"Exkursionen und Anl\u00e4sse - Natur- und Vogelschutzverein Stetten \/ K\u00fcnten","og_description":"Nisthilfenbau Morgenexkursion Pfingstwanderung Racletteplausch Winterexkursion","og_url":"https:\/\/navos.ch\/?page_id=359","og_site_name":"Natur- und Vogelschutzverein Stetten \/ K\u00fcnten","twitter_card":"summary_large_image","schema":{"@context":"https:\/\/schema.org","@graph":[{"@type":"WebPage","@id":"https:\/\/navos.ch\/?page_id=359","url":"https:\/\/navos.ch\/?page_id=359","name":"Exkursionen und Anl\u00e4sse - Natur- und Vogelschutzverein Stetten \/ K\u00fcnten","isPartOf":{"@id":"https:\/\/navos.ch\/#website"},"datePublished":"2023-11-19T19:29:05+00:00","dateModified":"2023-11-19T19:29:05+00:00","breadcrumb":{"@id":"https:\/\/navos.ch\/?page_id=359#breadcrumb"},"inLanguage":"de","potentialAction":[{"@type":"ReadAction","target":["https:\/\/navos.ch\/?page_id=359"]}]},{"@type":"BreadcrumbList","@id":"https:\/\/navos.ch\/?page_id=359#breadcrumb","itemListElement":[{"@type":"ListItem","position":1,"name":"Startseite","item":"https:\/\/navos.ch\/"},{"@type":"ListItem","position":2,"name":"Exkursionen und Anl\u00e4sse"}]},{"@type":"WebSite","@id":"https:\/\/navos.ch\/#website","url":"https:\/\/navos.ch\/","name":"Natur- und Vogelschutzverein Stetten \/ K\u00fcnten","description":"","publisher":{"@id":"https:\/\/navos.ch\/#organization"},"potentialAction":[{"@type":"SearchAction","target":{"@type":"EntryPoint","urlTemplate":"https:\/\/navos.ch\/?s={search_term_string}"},"query-input":"required name=search_term_string"}],"inLanguage":"de"},{"@type":"Organization","@id":"https:\/\/navos.ch\/#organization","name":"Natur- und Vogelschutzverein Stetten \/ K\u00fcnten","url":"https:\/\/navos.ch\/","logo":{"@type":"ImageObject","inLanguage":"de","@id":"https:\/\/navos.ch\/#\/schema\/logo\/image\/","url":"https:\/\/i0.wp.com\/navos.ch\/wp-content\/uploads\/2023\/11\/cropped-cropped-cropped-cropped-LOGO-500X500-Web-Background.jpg?fit=511%2C432&ssl=1","contentUrl":"https:\/\/i0.wp.com\/navos.ch\/wp-content\/uploads\/2023\/11\/cropped-cropped-cropped-cropped-LOGO-500X500-Web-Background.jpg?fit=511%2C432&ssl=1","width":511,"height":432,"caption":"Natur- und Vogelschutzverein Stetten \/ K\u00fcnten"},"image":{"@id":"https:\/\/navos.ch\/#\/schema\/logo\/image\/"}}]}},"jetpack_likes_enabled":true,"jetpack_sharing_enabled":true,"jetpack_shortlink":"https:\/\/wp.me\/PeSOXa-5N","jetpack-related-posts":[{"id":152,"url":"https:\/\/navos.ch\/?page_id=152","url_meta":{"origin":359,"position":0},"title":"Veranstaltungen","author":"navos2020","date":"19. November 2023","format":false,"excerpt":"Programm 2024 Jahresprogramm 2024 als PDF Foto: Stiftung Reusstal, Josef Fischer Februar\/M\u00e4rz 2024AmphibienschutzStrassensperrung zwischen Stetten und Sulz, Amphibienz\u00e4uneWer mitmachen m\u00f6chte, kann sich bei Doris H\u00e4ng\u00e4rtner melden! Sonntag, 28. April 2024MorgenexkursionSchule K\u00fcnten6.30 Uhr Foto: InfoFlora, Erwin J\u00f6rg Mai\/Juni 2024NeophytenArbeitseinsatz in Absprache mit den Gemeinden Stetten und K\u00fcnten Samstag, 8. Juni 2024SternwanderungGemeinsame\u2026","rel":"","context":"\u00c4hnlicher Beitrag","block_context":{"text":"\u00c4hnlicher Beitrag","link":""},"img":{"alt_text":"","src":"https:\/\/i0.wp.com\/navos.ch\/wp-content\/uploads\/2023\/04\/20_0321_erdkroeten_2_amphibienzaun-unterrueti_merenschwand.jpg?resize=350%2C200&ssl=1","width":350,"height":200},"classes":[]},{"id":7,"url":"https:\/\/navos.ch\/?page_id=7","url_meta":{"origin":359,"position":1},"title":"Galerie","author":"navos2020","date":"10. Januar 2021","format":false,"excerpt":"2025 Heckenpflege auf dem Honert in Stetten, 27. September 2025 Abschlussanlass Grundkurs Botanik, Sch\u00fctzenhaus T\u00e4gerig, Samstag, 21.6.2025 Winterexkursion an den Klingnauer Stausee am Sonntag, 5. Januar 2025 Fotos: Doris Wettstein 2024 Nistkastenreinigung in Stetten am Samstag, 19. Oktober 2024 Heckenpflege auf dem Honert in Stetten am Samstag, 21. September 2024\u2026","rel":"","context":"\u00c4hnlicher Beitrag","block_context":{"text":"\u00c4hnlicher Beitrag","link":""},"img":{"alt_text":"","src":"https:\/\/i0.wp.com\/navos.ch\/wp-content\/uploads\/2025\/10\/2025-09-27_Heckenpflege-Honert-Stetten_IMG_6062.jpg?resize=350%2C200&ssl=1","width":350,"height":200},"classes":[]},{"id":169,"url":"https:\/\/navos.ch\/?page_id=169","url_meta":{"origin":359,"position":2},"title":"Chronik","author":"navos2020","date":"19. November 2023","format":false,"excerpt":"Was wir heute tun, entscheidet dar\u00fcber, wie die Welt morgen aussiehtMarie von Ebner-Eschenbach \u00a0 1937 Gr\u00fcndungs-Versammlung:\u00a030. Januar 1937 20.00 Uhr, Gasthaus Krone Stetten. Auf Initiative von Herrn Walter Fischer, Lehrer und Oskar Wettstein, Niederrohrdorf, wurde ein Gr\u00fcndungs-Referat \u00fcber Vogelschutz und Sch\u00e4dlingsbek\u00e4mpfung, mit Lichtbildern, abgehalten. Referent ist Herr Stirnemann, Aarau. Nach\u2026","rel":"","context":"\u00c4hnlicher Beitrag","block_context":{"text":"\u00c4hnlicher Beitrag","link":""},"img":{"alt_text":"","src":"","width":0,"height":0},"classes":[]},{"id":2266,"url":"https:\/\/navos.ch\/?page_id=2266","url_meta":{"origin":359,"position":3},"title":"Botanische Kurse","author":"Sarah Wettstein","date":"8. Oktober 2024","format":false,"excerpt":"Erfolgreicher Abschluss des Botanikkurses 2025 Die Natur- und Vogelschutzvereine Fislisbach, Mellingen, Niederrohrdorf, Rohrdorferberg, Stetten-K\u00fcnten und T\u00e4gerig organisierten gemeinsam einen Grundkurs in Botanik, welcher von 31 Personen besucht wurde. Die Kursleiterinnen Helen Merki, Erika Schmocker, Rachel Preisig und Sarah Wettstein f\u00fchrten w\u00e4hrend eines Theorieabends und f\u00fcnf Exkursionen in die wichtigsten Grundlagen\u2026","rel":"","context":"\u00c4hnlicher Beitrag","block_context":{"text":"\u00c4hnlicher Beitrag","link":""},"img":{"alt_text":"","src":"https:\/\/i0.wp.com\/navos.ch\/wp-content\/uploads\/2024\/10\/Logos-von-allen-Traegervereinen.jpg?resize=350%2C200&ssl=1","width":350,"height":200},"classes":[]},{"id":1195,"url":"https:\/\/navos.ch\/?page_id=1195","url_meta":{"origin":359,"position":4},"title":"Ornithologische Grundkurse","author":"Sarah Wettstein","date":"12. Juli 2023","format":false,"excerpt":"Neuer Grundkurs 2027 Nach dem erfolgreichen Botanischen Grundkurs 2025 werden wir wieder gemeinsam mit den umliegenden Vereinen einen Regionalen Ornithologischen Gundkurs anbieten. N\u00e4heres erahrt ihr demn\u00e4chst auf unserer Webseite. Erfolgreicher Abschluss des Ornithologischen Grundkurses 2023 26 Personen schlossen den ornithologischen Grundkurs der Region Mellingen, T\u00e4gerig, Niederrohrdorf und Stetten-K\u00fcnten erfolgreich ab.Thomas\u2026","rel":"","context":"\u00c4hnlicher Beitrag","block_context":{"text":"\u00c4hnlicher Beitrag","link":""},"img":{"alt_text":"","src":"https:\/\/i0.wp.com\/navos.ch\/wp-content\/uploads\/2023\/07\/Gruppenfoto-2-Ornithologischer-Einfuehrungskurs-2023-300x225.jpg?resize=350%2C200&ssl=1","width":350,"height":200},"classes":[]},{"id":340,"url":"https:\/\/navos.ch\/?page_id=340","url_meta":{"origin":359,"position":5},"title":"Vorstand","author":"Sarah Wettstein","date":"19. November 2023","format":false,"excerpt":"Jousten UlrichPr\u00e4sidentBuchslistrasse 4c5453 RemetschwilTel. 079 332 02 09E-Mail: Ulrich Jousten Gelle EstherAktuarinE-Mail: Esther Gelle Philippe EschmannKassier H\u00e4ng\u00e4rtner DorisAmphibienschutzE-Mail: Doris H\u00e4ng\u00e4rtner Waibel PieraKommunikation, PresseE-Mail: Piera Waibel Ren\u00e9 DainMaterial und Logistik Carmen Hediger Weitere Helferinnen und Helfer Vogler AloisEhren-Pr\u00e4sident, ExkursionsleiterE-Mail: Alois Vogler","rel":"","context":"\u00c4hnlicher Beitrag","block_context":{"text":"\u00c4hnlicher Beitrag","link":""},"img":{"alt_text":"","src":"","width":0,"height":0},"classes":[]}],"_links":{"self":[{"href":"https:\/\/navos.ch\/index.php?rest_route=\/wp\/v2\/pages\/359","targetHints":{"allow":["GET"]}}],"collection":[{"href":"https:\/\/navos.ch\/index.php?rest_route=\/wp\/v2\/pages"}],"about":[{"href":"https:\/\/navos.ch\/index.php?rest_route=\/wp\/v2\/types\/page"}],"author":[{"embeddable":true,"href":"https:\/\/navos.ch\/index.php?rest_route=\/wp\/v2\/users\/229928507"}],"replies":[{"embeddable":true,"href":"https:\/\/navos.ch\/index.php?rest_route=%2Fwp%2Fv2%2Fcomments&post=359"}],"version-history":[{"count":5,"href":"https:\/\/navos.ch\/index.php?rest_route=\/wp\/v2\/pages\/359\/revisions"}],"predecessor-version":[{"id":1376,"href":"https:\/\/navos.ch\/index.php?rest_route=\/wp\/v2\/pages\/359\/revisions\/1376"}],"wp:attachment":[{"href":"https:\/\/navos.ch\/index.php?rest_route=%2Fwp%2Fv2%2Fmedia&parent=359"}],"curies":[{"name":"wp","href":"https:\/\/api.w.org\/{rel}","templated":true}]}}