{"id":474,"date":"2024-01-28T19:25:51","date_gmt":"2024-01-28T18:25:51","guid":{"rendered":"https:\/\/navos.ch\/?page_id=474"},"modified":"2026-02-01T08:49:04","modified_gmt":"2026-02-01T07:49:04","slug":"protokolle","status":"publish","type":"page","link":"https:\/\/navos.ch\/?page_id=474","title":{"rendered":"Generalversammlungen"},"content":{"rendered":"\n<h2 class=\"wp-block-heading\">Berichte des Pr\u00e4sidenten<\/h2>\n\n\n\n<ul style=\"font-family:Helvetica\" class=\"wp-block-list has-helvetica-font-family has-custom-font\">\n<li><a href=\"https:\/\/navos.ch\/wp-content\/uploads\/2026\/02\/utf-8Prasidentenbericht-2025.pdf\" target=\"_blank\" rel=\"noreferrer noopener\">Bericht 2025<\/a><\/li>\n\n\n\n<li class=\"has-normal-font-size\"><a href=\"https:\/\/navos.ch\/wp-content\/uploads\/2025\/02\/Praesidentenbericht-2024.pdf\">Bericht 2024<\/a><\/li>\n\n\n\n<li class=\"has-normal-font-size\"><a href=\"https:\/\/navos.ch\/wp-content\/uploads\/2024\/01\/Praesidentenbericht-2023-2.pdf\">Bericht 2023<\/a><\/li>\n\n\n\n<li class=\"has-normal-font-size\"><a href=\"https:\/\/navos.ch\/wp-content\/uploads\/2023\/03\/2022_praesidentenbericht.pdf\">Bericht 2022<\/a><\/li>\n\n\n\n<li><a href=\"https:\/\/navos.ch\/wp-content\/uploads\/2023\/03\/2021_praesidentenbericht.pdf\">Bericht 2021<\/a><\/li>\n\n\n\n<li><a href=\"https:\/\/navos.ch\/wp-content\/uploads\/2023\/03\/2020_praesidentenbericht.pdf\">Bericht 2020<\/a><\/li>\n\n\n\n<li><a href=\"https:\/\/navos.ch\/wp-content\/uploads\/2023\/03\/2019_praesidentenbericht.pdf\">Bericht 2019<\/a><\/li>\n\n\n\n<li><a href=\"https:\/\/navos.ch\/wp-content\/uploads\/2023\/03\/2018_praesidentenbericht.pdf\">Bericht 2018<\/a><\/li>\n\n\n\n<li><a href=\"https:\/\/navos.ch\/wp-content\/uploads\/2023\/03\/2017_praesidentenbericht.pdf\">Bericht 2017<\/a><\/li>\n\n\n\n<li><a href=\"https:\/\/navos.ch\/wp-content\/uploads\/2023\/03\/2016_praesidentenbericht.pdf\">Bericht 2016<\/a><\/li>\n\n\n\n<li><a href=\"https:\/\/navos.ch\/wp-content\/uploads\/2023\/03\/2015_praesidentenbericht.pdf\">Bericht 2015<\/a><\/li>\n\n\n\n<li><a href=\"https:\/\/navos.ch\/wp-content\/uploads\/2023\/03\/2014_praesidentenbericht.pdf\">Bericht 2014<\/a><\/li>\n\n\n\n<li><a href=\"https:\/\/navos.ch\/wp-content\/uploads\/2023\/03\/2013_praesidentenbericht.pdf\">Bericht 2013<\/a><\/li>\n\n\n\n<li><a href=\"https:\/\/navos.ch\/wp-content\/uploads\/2023\/03\/2012_praesidentenbericht.pdf\">Bericht 2012<\/a><\/li>\n\n\n\n<li><a href=\"https:\/\/navos.ch\/wp-content\/uploads\/2023\/03\/2011_praesidentenbericht.pdf\">Bericht 2011<\/a><\/li>\n\n\n\n<li><a href=\"https:\/\/navos.ch\/wp-content\/uploads\/2023\/03\/2010_praesidentenbericht.pdf\">Bericht 2010<\/a><\/li>\n\n\n\n<li><a href=\"https:\/\/navos.ch\/wp-content\/uploads\/2023\/03\/2009_praesidentenbericht.pdf\">Bericht 2009<\/a><\/li>\n\n\n\n<li><a href=\"https:\/\/navos.ch\/wp-content\/uploads\/2023\/03\/2008_praesidentenbericht.pdf\">Bericht 2008<\/a><\/li>\n\n\n\n<li><a href=\"https:\/\/navos.ch\/wp-content\/uploads\/2023\/03\/2007_praesidentenbericht.pdf\">Bericht 2007<\/a><\/li>\n<\/ul>\n\n\n\n<h2 class=\"wp-block-heading\">GV-Protokolle<\/h2>\n\n\n\n<ul style=\"font-family:Helvetica\" class=\"wp-block-list has-helvetica-font-family has-custom-font\">\n<li><a href=\"https:\/\/navos.ch\/wp-content\/uploads\/2024\/09\/2024-02-23_Protokoll_GV.pdf\" target=\"_blank\" rel=\"noreferrer noopener\">Protokoll 2024<\/a><\/li>\n\n\n\n<li><a href=\"https:\/\/navos.ch\/wp-content\/uploads\/2024\/01\/GV-Protokoll-2023-3.pdf\">Protokoll 2023<\/a><\/li>\n\n\n\n<li><a href=\"https:\/\/navos.ch\/wp-content\/uploads\/2023\/03\/2022_gv_protokoll.pdf\">Protokoll 2022<\/a><\/li>\n\n\n\n<li><a href=\"https:\/\/navos.ch\/wp-content\/uploads\/2023\/03\/2021_gv_protokoll.pdf\">Protokoll 2021<\/a><\/li>\n\n\n\n<li><a href=\"https:\/\/navos.ch\/wp-content\/uploads\/2023\/03\/2020_gv_protokoll.pdf\">Protokoll 2020<\/a><\/li>\n\n\n\n<li><a href=\"https:\/\/navos.ch\/wp-content\/uploads\/2023\/03\/2019_gv_protokoll.pdf\">Protokoll 2019<\/a><\/li>\n\n\n\n<li><a href=\"https:\/\/navos.ch\/wp-content\/uploads\/2023\/03\/2018_gv_protokoll.pdf\">Protokoll 2018<\/a><\/li>\n\n\n\n<li><a href=\"https:\/\/navos.ch\/wp-content\/uploads\/2023\/03\/2017_gv_protokoll.pdf\">Protokoll 2017<\/a><\/li>\n\n\n\n<li><a href=\"https:\/\/navos.ch\/wp-content\/uploads\/2023\/03\/2016_gv_protokoll.pdf\">Protokoll 2016<\/a><\/li>\n\n\n\n<li><a href=\"https:\/\/navos.ch\/wp-content\/uploads\/2023\/03\/2015_gv_protokoll.pdf\">Protokoll 2015<\/a><\/li>\n\n\n\n<li><a href=\"https:\/\/navos.ch\/wp-content\/uploads\/2023\/03\/2014_gv_protokoll.pdf\">Protokoll 2014<\/a><\/li>\n\n\n\n<li><a href=\"https:\/\/navos.ch\/wp-content\/uploads\/2023\/03\/2013_gv_protokoll.pdf\">Protokoll 2013<\/a><\/li>\n\n\n\n<li><a href=\"https:\/\/navos.ch\/wp-content\/uploads\/2023\/03\/2012_gv_protokoll.pdf\">Protokoll 2012<\/a><\/li>\n\n\n\n<li><a href=\"https:\/\/navos.ch\/wp-content\/uploads\/2023\/03\/2011_gv_protokoll.pdf\">Protokoll 2011<\/a><\/li>\n\n\n\n<li><a href=\"https:\/\/navos.ch\/wp-content\/uploads\/2023\/03\/2010_gv_protokoll.pdf\">Protokoll 2010<\/a><\/li>\n\n\n\n<li><a href=\"https:\/\/navos.ch\/wp-content\/uploads\/2023\/03\/2009_gv_protokoll.pdf\">Protokoll 2009<\/a><\/li>\n\n\n\n<li><a href=\"https:\/\/navos.ch\/wp-content\/uploads\/2023\/03\/2008_gv_protokoll.pdf\">Protokoll 2008<\/a><\/li>\n\n\n\n<li><a href=\"https:\/\/navos.ch\/wp-content\/uploads\/2023\/03\/2007_gv_protokoll.pdf\">Protokoll 2007<\/a><\/li>\n\n\n\n<li><a href=\"https:\/\/navos.ch\/wp-content\/uploads\/2023\/03\/2007_gv_protokoll.pdf\">Protokoll 2007<\/a><\/li>\n<\/ul>\n","protected":false},"excerpt":{"rendered":"<p>Berichte des Pr\u00e4sidenten GV-Protokolle<\/p>\n","protected":false},"author":229928507,"featured_media":0,"parent":0,"menu_order":0,"comment_status":"closed","ping_status":"closed","template":"","meta":{"_coblocks_attr":"Helvetica,Helvetica","_coblocks_dimensions":"","_coblocks_responsive_height":"","_coblocks_accordion_ie_support":"","footnotes":""},"class_list":["post-474","page","type-page","status-publish","hentry"],"yoast_head":"<!-- This site is optimized with the Yoast SEO plugin v20.8 - https:\/\/yoast.com\/wordpress\/plugins\/seo\/ -->\n<title>Generalversammlungen - Natur- und Vogelschutzverein Stetten \/ K\u00fcnten<\/title>\n<meta name=\"robots\" content=\"index, follow, max-snippet:-1, max-image-preview:large, max-video-preview:-1\" \/>\n<link rel=\"canonical\" href=\"https:\/\/navos.ch\/?page_id=474\" \/>\n<meta property=\"og:locale\" content=\"de_DE\" \/>\n<meta property=\"og:type\" content=\"article\" \/>\n<meta property=\"og:title\" content=\"Generalversammlungen - Natur- und Vogelschutzverein Stetten \/ K\u00fcnten\" \/>\n<meta property=\"og:description\" content=\"Berichte des Pr\u00e4sidenten GV-Protokolle\" \/>\n<meta property=\"og:url\" content=\"https:\/\/navos.ch\/?page_id=474\" \/>\n<meta property=\"og:site_name\" content=\"Natur- und Vogelschutzverein Stetten \/ K\u00fcnten\" \/>\n<meta property=\"article:modified_time\" content=\"2026-02-01T07:49:04+00:00\" \/>\n<meta name=\"twitter:card\" content=\"summary_large_image\" \/>\n<meta name=\"twitter:label1\" content=\"Gesch\u00e4tzte Lesezeit\" \/>\n\t<meta name=\"twitter:data1\" content=\"1\u00a0Minute\" \/>\n<script type=\"application\/ld+json\" class=\"yoast-schema-graph\">{\"@context\":\"https:\/\/schema.org\",\"@graph\":[{\"@type\":\"WebPage\",\"@id\":\"https:\/\/navos.ch\/?page_id=474\",\"url\":\"https:\/\/navos.ch\/?page_id=474\",\"name\":\"Generalversammlungen - Natur- und Vogelschutzverein Stetten \/ K\u00fcnten\",\"isPartOf\":{\"@id\":\"https:\/\/navos.ch\/#website\"},\"datePublished\":\"2024-01-28T18:25:51+00:00\",\"dateModified\":\"2026-02-01T07:49:04+00:00\",\"breadcrumb\":{\"@id\":\"https:\/\/navos.ch\/?page_id=474#breadcrumb\"},\"inLanguage\":\"de\",\"potentialAction\":[{\"@type\":\"ReadAction\",\"target\":[\"https:\/\/navos.ch\/?page_id=474\"]}]},{\"@type\":\"BreadcrumbList\",\"@id\":\"https:\/\/navos.ch\/?page_id=474#breadcrumb\",\"itemListElement\":[{\"@type\":\"ListItem\",\"position\":1,\"name\":\"Startseite\",\"item\":\"https:\/\/navos.ch\/\"},{\"@type\":\"ListItem\",\"position\":2,\"name\":\"Generalversammlungen\"}]},{\"@type\":\"WebSite\",\"@id\":\"https:\/\/navos.ch\/#website\",\"url\":\"https:\/\/navos.ch\/\",\"name\":\"Natur- und Vogelschutzverein Stetten \/ K\u00fcnten\",\"description\":\"\",\"publisher\":{\"@id\":\"https:\/\/navos.ch\/#organization\"},\"potentialAction\":[{\"@type\":\"SearchAction\",\"target\":{\"@type\":\"EntryPoint\",\"urlTemplate\":\"https:\/\/navos.ch\/?s={search_term_string}\"},\"query-input\":\"required name=search_term_string\"}],\"inLanguage\":\"de\"},{\"@type\":\"Organization\",\"@id\":\"https:\/\/navos.ch\/#organization\",\"name\":\"Natur- und Vogelschutzverein Stetten \/ K\u00fcnten\",\"url\":\"https:\/\/navos.ch\/\",\"logo\":{\"@type\":\"ImageObject\",\"inLanguage\":\"de\",\"@id\":\"https:\/\/navos.ch\/#\/schema\/logo\/image\/\",\"url\":\"https:\/\/i0.wp.com\/navos.ch\/wp-content\/uploads\/2023\/11\/cropped-cropped-cropped-cropped-LOGO-500X500-Web-Background.jpg?fit=511%2C432&ssl=1\",\"contentUrl\":\"https:\/\/i0.wp.com\/navos.ch\/wp-content\/uploads\/2023\/11\/cropped-cropped-cropped-cropped-LOGO-500X500-Web-Background.jpg?fit=511%2C432&ssl=1\",\"width\":511,\"height\":432,\"caption\":\"Natur- und Vogelschutzverein Stetten \/ K\u00fcnten\"},\"image\":{\"@id\":\"https:\/\/navos.ch\/#\/schema\/logo\/image\/\"}}]}<\/script>\n<!-- \/ Yoast SEO plugin. -->","yoast_head_json":{"title":"Generalversammlungen - Natur- und Vogelschutzverein Stetten \/ K\u00fcnten","robots":{"index":"index","follow":"follow","max-snippet":"max-snippet:-1","max-image-preview":"max-image-preview:large","max-video-preview":"max-video-preview:-1"},"canonical":"https:\/\/navos.ch\/?page_id=474","og_locale":"de_DE","og_type":"article","og_title":"Generalversammlungen - Natur- und Vogelschutzverein Stetten \/ K\u00fcnten","og_description":"Berichte des Pr\u00e4sidenten GV-Protokolle","og_url":"https:\/\/navos.ch\/?page_id=474","og_site_name":"Natur- und Vogelschutzverein Stetten \/ K\u00fcnten","article_modified_time":"2026-02-01T07:49:04+00:00","twitter_card":"summary_large_image","twitter_misc":{"Gesch\u00e4tzte Lesezeit":"1\u00a0Minute"},"schema":{"@context":"https:\/\/schema.org","@graph":[{"@type":"WebPage","@id":"https:\/\/navos.ch\/?page_id=474","url":"https:\/\/navos.ch\/?page_id=474","name":"Generalversammlungen - Natur- und Vogelschutzverein Stetten \/ K\u00fcnten","isPartOf":{"@id":"https:\/\/navos.ch\/#website"},"datePublished":"2024-01-28T18:25:51+00:00","dateModified":"2026-02-01T07:49:04+00:00","breadcrumb":{"@id":"https:\/\/navos.ch\/?page_id=474#breadcrumb"},"inLanguage":"de","potentialAction":[{"@type":"ReadAction","target":["https:\/\/navos.ch\/?page_id=474"]}]},{"@type":"BreadcrumbList","@id":"https:\/\/navos.ch\/?page_id=474#breadcrumb","itemListElement":[{"@type":"ListItem","position":1,"name":"Startseite","item":"https:\/\/navos.ch\/"},{"@type":"ListItem","position":2,"name":"Generalversammlungen"}]},{"@type":"WebSite","@id":"https:\/\/navos.ch\/#website","url":"https:\/\/navos.ch\/","name":"Natur- und Vogelschutzverein Stetten \/ K\u00fcnten","description":"","publisher":{"@id":"https:\/\/navos.ch\/#organization"},"potentialAction":[{"@type":"SearchAction","target":{"@type":"EntryPoint","urlTemplate":"https:\/\/navos.ch\/?s={search_term_string}"},"query-input":"required name=search_term_string"}],"inLanguage":"de"},{"@type":"Organization","@id":"https:\/\/navos.ch\/#organization","name":"Natur- und Vogelschutzverein Stetten \/ K\u00fcnten","url":"https:\/\/navos.ch\/","logo":{"@type":"ImageObject","inLanguage":"de","@id":"https:\/\/navos.ch\/#\/schema\/logo\/image\/","url":"https:\/\/i0.wp.com\/navos.ch\/wp-content\/uploads\/2023\/11\/cropped-cropped-cropped-cropped-LOGO-500X500-Web-Background.jpg?fit=511%2C432&ssl=1","contentUrl":"https:\/\/i0.wp.com\/navos.ch\/wp-content\/uploads\/2023\/11\/cropped-cropped-cropped-cropped-LOGO-500X500-Web-Background.jpg?fit=511%2C432&ssl=1","width":511,"height":432,"caption":"Natur- und Vogelschutzverein Stetten \/ K\u00fcnten"},"image":{"@id":"https:\/\/navos.ch\/#\/schema\/logo\/image\/"}}]}},"jetpack_likes_enabled":true,"jetpack_sharing_enabled":true,"jetpack_shortlink":"https:\/\/wp.me\/PeSOXa-7E","jetpack-related-posts":[{"id":439,"url":"https:\/\/navos.ch\/?page_id=439","url_meta":{"origin":474,"position":0},"title":"Medienberichte","author":"Sarah Wettstein","date":"15. Januar 2023","format":false,"excerpt":"Der Reussbote - Sie tun, als w\u00e4ren sie tot und erhalten ihren Ring, 13.6.2025 2025-06-13_Reussbote_StorchenberingungHerunterladen Der Reussbote - Amphibientransport - voller Erfolg f\u00fcr Artenschutz, 6.6.2025 2025-06-06_Der Reussbote_Froschtransporte - voller Erfolg f\u00fcr ArtenschutzHerunterladen Der Reussbote - Pflegeaktion f\u00fcr Brutpl\u00e4tze Pflegeaktion f\u00fcr Brutpl\u00e4tzeHerunterladen Der Reussbote - Storchenberingung in Stetten am 11.6.2024 2024-06-14_Der\u2026","rel":"","context":"\u00c4hnlicher Beitrag","block_context":{"text":"\u00c4hnlicher Beitrag","link":""},"img":{"alt_text":"","src":"","width":0,"height":0},"classes":[]},{"id":152,"url":"https:\/\/navos.ch\/?page_id=152","url_meta":{"origin":474,"position":1},"title":"Veranstaltungen","author":"navos2020","date":"19. November 2023","format":false,"excerpt":"Programm 2024 Jahresprogramm 2024 als PDF Foto: Stiftung Reusstal, Josef Fischer Februar\/M\u00e4rz 2024AmphibienschutzStrassensperrung zwischen Stetten und Sulz, Amphibienz\u00e4uneWer mitmachen m\u00f6chte, kann sich bei Doris H\u00e4ng\u00e4rtner melden! Sonntag, 28. April 2024MorgenexkursionSchule K\u00fcnten6.30 Uhr Foto: InfoFlora, Erwin J\u00f6rg Mai\/Juni 2024NeophytenArbeitseinsatz in Absprache mit den Gemeinden Stetten und K\u00fcnten Samstag, 8. Juni 2024SternwanderungGemeinsame\u2026","rel":"","context":"\u00c4hnlicher Beitrag","block_context":{"text":"\u00c4hnlicher Beitrag","link":""},"img":{"alt_text":"","src":"https:\/\/i0.wp.com\/navos.ch\/wp-content\/uploads\/2023\/04\/20_0321_erdkroeten_2_amphibienzaun-unterrueti_merenschwand.jpg?resize=350%2C200&ssl=1","width":350,"height":200},"classes":[]},{"id":169,"url":"https:\/\/navos.ch\/?page_id=169","url_meta":{"origin":474,"position":2},"title":"Chronik","author":"navos2020","date":"19. November 2023","format":false,"excerpt":"Was wir heute tun, entscheidet dar\u00fcber, wie die Welt morgen aussiehtMarie von Ebner-Eschenbach \u00a0 1937 Gr\u00fcndungs-Versammlung:\u00a030. Januar 1937 20.00 Uhr, Gasthaus Krone Stetten. Auf Initiative von Herrn Walter Fischer, Lehrer und Oskar Wettstein, Niederrohrdorf, wurde ein Gr\u00fcndungs-Referat \u00fcber Vogelschutz und Sch\u00e4dlingsbek\u00e4mpfung, mit Lichtbildern, abgehalten. Referent ist Herr Stirnemann, Aarau. Nach\u2026","rel":"","context":"\u00c4hnlicher Beitrag","block_context":{"text":"\u00c4hnlicher Beitrag","link":""},"img":{"alt_text":"","src":"","width":0,"height":0},"classes":[]},{"id":7,"url":"https:\/\/navos.ch\/?page_id=7","url_meta":{"origin":474,"position":3},"title":"Galerie","author":"navos2020","date":"10. Januar 2021","format":false,"excerpt":"2025 Heckenpflege auf dem Honert in Stetten, 27. September 2025 Abschlussanlass Grundkurs Botanik, Sch\u00fctzenhaus T\u00e4gerig, Samstag, 21.6.2025 Winterexkursion an den Klingnauer Stausee am Sonntag, 5. Januar 2025 Fotos: Doris Wettstein 2024 Nistkastenreinigung in Stetten am Samstag, 19. Oktober 2024 Heckenpflege auf dem Honert in Stetten am Samstag, 21. September 2024\u2026","rel":"","context":"\u00c4hnlicher Beitrag","block_context":{"text":"\u00c4hnlicher Beitrag","link":""},"img":{"alt_text":"","src":"https:\/\/i0.wp.com\/navos.ch\/wp-content\/uploads\/2025\/10\/2025-09-27_Heckenpflege-Honert-Stetten_IMG_6062.jpg?resize=350%2C200&ssl=1","width":350,"height":200},"classes":[]},{"id":2266,"url":"https:\/\/navos.ch\/?page_id=2266","url_meta":{"origin":474,"position":4},"title":"Botanische Kurse","author":"Sarah Wettstein","date":"8. Oktober 2024","format":false,"excerpt":"Erfolgreicher Abschluss des Botanikkurses 2025 Die Natur- und Vogelschutzvereine Fislisbach, Mellingen, Niederrohrdorf, Rohrdorferberg, Stetten-K\u00fcnten und T\u00e4gerig organisierten gemeinsam einen Grundkurs in Botanik, welcher von 31 Personen besucht wurde. Die Kursleiterinnen Helen Merki, Erika Schmocker, Rachel Preisig und Sarah Wettstein f\u00fchrten w\u00e4hrend eines Theorieabends und f\u00fcnf Exkursionen in die wichtigsten Grundlagen\u2026","rel":"","context":"\u00c4hnlicher Beitrag","block_context":{"text":"\u00c4hnlicher Beitrag","link":""},"img":{"alt_text":"","src":"https:\/\/i0.wp.com\/navos.ch\/wp-content\/uploads\/2024\/10\/Logos-von-allen-Traegervereinen.jpg?resize=350%2C200&ssl=1","width":350,"height":200},"classes":[]},{"id":340,"url":"https:\/\/navos.ch\/?page_id=340","url_meta":{"origin":474,"position":5},"title":"Vorstand","author":"Sarah Wettstein","date":"19. November 2023","format":false,"excerpt":"Jousten UlrichPr\u00e4sidentBuchslistrasse 4c5453 RemetschwilTel. 079 332 02 09E-Mail: Ulrich Jousten Gelle EstherAktuarinE-Mail: Esther Gelle Philippe EschmannKassier H\u00e4ng\u00e4rtner DorisAmphibienschutzE-Mail: Doris H\u00e4ng\u00e4rtner Waibel PieraKommunikation, PresseE-Mail: Piera Waibel Ren\u00e9 DainMaterial und Logistik Carmen Hediger Weitere Helferinnen und Helfer Vogler AloisEhren-Pr\u00e4sident, ExkursionsleiterE-Mail: Alois Vogler","rel":"","context":"\u00c4hnlicher Beitrag","block_context":{"text":"\u00c4hnlicher Beitrag","link":""},"img":{"alt_text":"","src":"","width":0,"height":0},"classes":[]}],"_links":{"self":[{"href":"https:\/\/navos.ch\/index.php?rest_route=\/wp\/v2\/pages\/474","targetHints":{"allow":["GET"]}}],"collection":[{"href":"https:\/\/navos.ch\/index.php?rest_route=\/wp\/v2\/pages"}],"about":[{"href":"https:\/\/navos.ch\/index.php?rest_route=\/wp\/v2\/types\/page"}],"author":[{"embeddable":true,"href":"https:\/\/navos.ch\/index.php?rest_route=\/wp\/v2\/users\/229928507"}],"replies":[{"embeddable":true,"href":"https:\/\/navos.ch\/index.php?rest_route=%2Fwp%2Fv2%2Fcomments&post=474"}],"version-history":[{"count":27,"href":"https:\/\/navos.ch\/index.php?rest_route=\/wp\/v2\/pages\/474\/revisions"}],"predecessor-version":[{"id":3436,"href":"https:\/\/navos.ch\/index.php?rest_route=\/wp\/v2\/pages\/474\/revisions\/3436"}],"wp:attachment":[{"href":"https:\/\/navos.ch\/index.php?rest_route=%2Fwp%2Fv2%2Fmedia&parent=474"}],"curies":[{"name":"wp","href":"https:\/\/api.w.org\/{rel}","templated":true}]}}