{"id":6,"date":"2024-01-24T14:04:20","date_gmt":"2024-01-24T13:04:20","guid":{"rendered":"https:\/\/navos.ch\/?page_id=6"},"modified":"2026-08-22T21:02:44","modified_gmt":"2026-08-22T19:02:44","slug":"home","status":"publish","type":"page","link":"https:\/\/navos.ch\/","title":{"rendered":"NAVOS Stetten \/ K\u00fcnten"},"content":{"rendered":"\n<div data-carousel-extra='{\"blog_id\":1,\"permalink\":\"https:\\\/\\\/navos.ch\\\/\"}'  class=\"wp-block-jetpack-tiled-gallery alignwide is-style-columns\"><div class=\"tiled-gallery__gallery\"><div class=\"tiled-gallery__row\"><div class=\"tiled-gallery__col\" style=\"flex-basis:11.20378%\"><figure class=\"tiled-gallery__item\"><img decoding=\"async\" data-attachment-id=\"1339\" data-permalink=\"https:\/\/navos.ch\/?attachment_id=1339\" data-orig-file=\"https:\/\/i0.wp.com\/navos.ch\/wp-content\/uploads\/2023\/11\/M7_MG_6673-scaled.jpg?fit=1920%2C2560&amp;ssl=1\" data-orig-size=\"1920,2560\" data-comments-opened=\"1\" data-image-meta=\"{&quot;aperture&quot;:&quot;14&quot;,&quot;credit&quot;:&quot;ujo-fotodesign.ch&quot;,&quot;camera&quot;:&quot;Canon EOS 7D&quot;,&quot;caption&quot;:&quot;&quot;,&quot;created_timestamp&quot;:&quot;1563354797&quot;,&quot;copyright&quot;:&quot;ujofotodesign.ch - Ulrich Jousten&quot;,&quot;focal_length&quot;:&quot;400&quot;,&quot;iso&quot;:&quot;800&quot;,&quot;shutter_speed&quot;:&quot;0.01&quot;,&quot;title&quot;:&quot;&quot;,&quot;orientation&quot;:&quot;1&quot;}\" data-image-title=\"M7_MG_6673\" data-image-description=\"\" data-image-caption=\"\" data-medium-file=\"https:\/\/i0.wp.com\/navos.ch\/wp-content\/uploads\/2023\/11\/M7_MG_6673-scaled.jpg?fit=225%2C300&amp;ssl=1\" data-large-file=\"https:\/\/i0.wp.com\/navos.ch\/wp-content\/uploads\/2023\/11\/M7_MG_6673-scaled.jpg?fit=580%2C773&amp;ssl=1\" data-attachment-id=\"1339\" data-permalink=\"https:\/\/navos.ch\/?attachment_id=1339\" data-orig-file=\"https:\/\/i0.wp.com\/navos.ch\/wp-content\/uploads\/2023\/11\/M7_MG_6673-scaled.jpg?fit=1920%2C2560&amp;ssl=1\" data-orig-size=\"1920,2560\" data-comments-opened=\"1\" data-image-meta=\"{&quot;aperture&quot;:&quot;14&quot;,&quot;credit&quot;:&quot;ujo-fotodesign.ch&quot;,&quot;camera&quot;:&quot;Canon EOS 7D&quot;,&quot;caption&quot;:&quot;&quot;,&quot;created_timestamp&quot;:&quot;1563354797&quot;,&quot;copyright&quot;:&quot;ujofotodesign.ch - Ulrich Jousten&quot;,&quot;focal_length&quot;:&quot;400&quot;,&quot;iso&quot;:&quot;800&quot;,&quot;shutter_speed&quot;:&quot;0.01&quot;,&quot;title&quot;:&quot;&quot;,&quot;orientation&quot;:&quot;1&quot;}\" data-image-title=\"M7_MG_6673\" data-image-description=\"\" data-image-caption=\"\" data-medium-file=\"https:\/\/i0.wp.com\/navos.ch\/wp-content\/uploads\/2023\/11\/M7_MG_6673-scaled.jpg?fit=225%2C300&amp;ssl=1\" data-large-file=\"https:\/\/i0.wp.com\/navos.ch\/wp-content\/uploads\/2023\/11\/M7_MG_6673-scaled.jpg?fit=580%2C773&amp;ssl=1\" srcset=\"https:\/\/i1.wp.com\/navos.ch\/wp-content\/uploads\/2023\/11\/M7_MG_6673-768x1024.jpg?strip=info&#038;w=600&#038;ssl=1 600w,https:\/\/i1.wp.com\/navos.ch\/wp-content\/uploads\/2023\/11\/M7_MG_6673-768x1024.jpg?strip=info&#038;w=900&#038;ssl=1 900w,https:\/\/i1.wp.com\/navos.ch\/wp-content\/uploads\/2023\/11\/M7_MG_6673-768x1024.jpg?strip=info&#038;w=1200&#038;ssl=1 1200w,https:\/\/i1.wp.com\/navos.ch\/wp-content\/uploads\/2023\/11\/M7_MG_6673-768x1024.jpg?strip=info&#038;w=1500&#038;ssl=1 1500w,https:\/\/i1.wp.com\/navos.ch\/wp-content\/uploads\/2023\/11\/M7_MG_6673-768x1024.jpg?strip=info&#038;w=1800&#038;ssl=1 1800w,https:\/\/i1.wp.com\/navos.ch\/wp-content\/uploads\/2023\/11\/M7_MG_6673-768x1024.jpg?strip=info&#038;w=1920&#038;ssl=1 1920w\" alt=\"\" data-height=\"2560\" data-id=\"1339\" data-link=\"https:\/\/navos.ch\/?attachment_id=1339\" data-url=\"https:\/\/navos.ch\/wp-content\/uploads\/2023\/11\/M7_MG_6673-768x1024.jpg\" data-width=\"1920\" src=\"https:\/\/i1.wp.com\/navos.ch\/wp-content\/uploads\/2023\/11\/M7_MG_6673-768x1024.jpg?ssl=1\" data-amp-layout=\"responsive\"\/><\/figure><figure class=\"tiled-gallery__item\"><img decoding=\"async\" data-attachment-id=\"1336\" data-permalink=\"https:\/\/navos.ch\/?attachment_id=1336\" data-orig-file=\"https:\/\/i0.wp.com\/navos.ch\/wp-content\/uploads\/2023\/11\/MR5_R7A1259.jpg?fit=2500%2C1876&amp;ssl=1\" data-orig-size=\"2500,1876\" data-comments-opened=\"1\" data-image-meta=\"{&quot;aperture&quot;:&quot;8&quot;,&quot;credit&quot;:&quot;ULI JOUSTEN&quot;,&quot;camera&quot;:&quot;Canon EOS R5&quot;,&quot;caption&quot;:&quot;&quot;,&quot;created_timestamp&quot;:&quot;1696169399&quot;,&quot;copyright&quot;:&quot;ujofotodesign.ch - Ulrich Jousten&quot;,&quot;focal_length&quot;:&quot;400&quot;,&quot;iso&quot;:&quot;800&quot;,&quot;shutter_speed&quot;:&quot;0.003125&quot;,&quot;title&quot;:&quot;&quot;,&quot;orientation&quot;:&quot;1&quot;}\" data-image-title=\"MR5_R7A1259\" data-image-description=\"\" data-image-caption=\"\" data-medium-file=\"https:\/\/i0.wp.com\/navos.ch\/wp-content\/uploads\/2023\/11\/MR5_R7A1259.jpg?fit=300%2C225&amp;ssl=1\" data-large-file=\"https:\/\/i0.wp.com\/navos.ch\/wp-content\/uploads\/2023\/11\/MR5_R7A1259.jpg?fit=580%2C435&amp;ssl=1\" data-attachment-id=\"1336\" data-permalink=\"https:\/\/navos.ch\/?attachment_id=1336\" data-orig-file=\"https:\/\/i0.wp.com\/navos.ch\/wp-content\/uploads\/2023\/11\/MR5_R7A1259.jpg?fit=2500%2C1876&amp;ssl=1\" data-orig-size=\"2500,1876\" data-comments-opened=\"1\" data-image-meta=\"{&quot;aperture&quot;:&quot;8&quot;,&quot;credit&quot;:&quot;ULI JOUSTEN&quot;,&quot;camera&quot;:&quot;Canon EOS R5&quot;,&quot;caption&quot;:&quot;&quot;,&quot;created_timestamp&quot;:&quot;1696169399&quot;,&quot;copyright&quot;:&quot;ujofotodesign.ch - Ulrich Jousten&quot;,&quot;focal_length&quot;:&quot;400&quot;,&quot;iso&quot;:&quot;800&quot;,&quot;shutter_speed&quot;:&quot;0.003125&quot;,&quot;title&quot;:&quot;&quot;,&quot;orientation&quot;:&quot;1&quot;}\" data-image-title=\"MR5_R7A1259\" data-image-description=\"\" data-image-caption=\"\" data-medium-file=\"https:\/\/i0.wp.com\/navos.ch\/wp-content\/uploads\/2023\/11\/MR5_R7A1259.jpg?fit=300%2C225&amp;ssl=1\" data-large-file=\"https:\/\/i0.wp.com\/navos.ch\/wp-content\/uploads\/2023\/11\/MR5_R7A1259.jpg?fit=580%2C435&amp;ssl=1\" srcset=\"https:\/\/i1.wp.com\/navos.ch\/wp-content\/uploads\/2023\/11\/MR5_R7A1259-1024x768.jpg?strip=info&#038;w=600&#038;ssl=1 600w,https:\/\/i1.wp.com\/navos.ch\/wp-content\/uploads\/2023\/11\/MR5_R7A1259-1024x768.jpg?strip=info&#038;w=900&#038;ssl=1 900w,https:\/\/i1.wp.com\/navos.ch\/wp-content\/uploads\/2023\/11\/MR5_R7A1259-1024x768.jpg?strip=info&#038;w=1200&#038;ssl=1 1200w,https:\/\/i1.wp.com\/navos.ch\/wp-content\/uploads\/2023\/11\/MR5_R7A1259-1024x768.jpg?strip=info&#038;w=1500&#038;ssl=1 1500w,https:\/\/i1.wp.com\/navos.ch\/wp-content\/uploads\/2023\/11\/MR5_R7A1259-1024x768.jpg?strip=info&#038;w=1800&#038;ssl=1 1800w,https:\/\/i1.wp.com\/navos.ch\/wp-content\/uploads\/2023\/11\/MR5_R7A1259-1024x768.jpg?strip=info&#038;w=2000&#038;ssl=1 2000w\" alt=\"\" data-height=\"1876\" data-id=\"1336\" data-link=\"https:\/\/navos.ch\/?attachment_id=1336\" data-url=\"https:\/\/navos.ch\/wp-content\/uploads\/2023\/11\/MR5_R7A1259-1024x768.jpg\" data-width=\"2500\" src=\"https:\/\/i1.wp.com\/navos.ch\/wp-content\/uploads\/2023\/11\/MR5_R7A1259-1024x768.jpg?ssl=1\" data-amp-layout=\"responsive\"\/><\/figure><\/div><div class=\"tiled-gallery__col\" style=\"flex-basis:14.91150%\"><figure class=\"tiled-gallery__item\"><img decoding=\"async\" data-attachment-id=\"1335\" data-permalink=\"https:\/\/navos.ch\/?attachment_id=1335\" data-orig-file=\"https:\/\/i0.wp.com\/navos.ch\/wp-content\/uploads\/2023\/11\/MR5_I4A3232.jpg?fit=1500%2C1200&amp;ssl=1\" data-orig-size=\"1500,1200\" data-comments-opened=\"1\" data-image-meta=\"{&quot;aperture&quot;:&quot;8&quot;,&quot;credit&quot;:&quot;Ulrich Jousten\\rujofotodesign.ch&quot;,&quot;camera&quot;:&quot;Canon EOS R5&quot;,&quot;caption&quot;:&quot;&quot;,&quot;created_timestamp&quot;:&quot;1651389568&quot;,&quot;copyright&quot;:&quot;ujofotodesign.ch - Ulrich Jousten&quot;,&quot;focal_length&quot;:&quot;400&quot;,&quot;iso&quot;:&quot;1600&quot;,&quot;shutter_speed&quot;:&quot;0.01&quot;,&quot;title&quot;:&quot;&quot;,&quot;orientation&quot;:&quot;1&quot;}\" data-image-title=\"MR5_I4A3232\" data-image-description=\"\" data-image-caption=\"\" data-medium-file=\"https:\/\/i0.wp.com\/navos.ch\/wp-content\/uploads\/2023\/11\/MR5_I4A3232.jpg?fit=300%2C240&amp;ssl=1\" data-large-file=\"https:\/\/i0.wp.com\/navos.ch\/wp-content\/uploads\/2023\/11\/MR5_I4A3232.jpg?fit=580%2C464&amp;ssl=1\" data-attachment-id=\"1335\" data-permalink=\"https:\/\/navos.ch\/?attachment_id=1335\" data-orig-file=\"https:\/\/i0.wp.com\/navos.ch\/wp-content\/uploads\/2023\/11\/MR5_I4A3232.jpg?fit=1500%2C1200&amp;ssl=1\" data-orig-size=\"1500,1200\" data-comments-opened=\"1\" data-image-meta=\"{&quot;aperture&quot;:&quot;8&quot;,&quot;credit&quot;:&quot;Ulrich Jousten\\rujofotodesign.ch&quot;,&quot;camera&quot;:&quot;Canon EOS R5&quot;,&quot;caption&quot;:&quot;&quot;,&quot;created_timestamp&quot;:&quot;1651389568&quot;,&quot;copyright&quot;:&quot;ujofotodesign.ch - Ulrich Jousten&quot;,&quot;focal_length&quot;:&quot;400&quot;,&quot;iso&quot;:&quot;1600&quot;,&quot;shutter_speed&quot;:&quot;0.01&quot;,&quot;title&quot;:&quot;&quot;,&quot;orientation&quot;:&quot;1&quot;}\" data-image-title=\"MR5_I4A3232\" data-image-description=\"\" data-image-caption=\"\" data-medium-file=\"https:\/\/i0.wp.com\/navos.ch\/wp-content\/uploads\/2023\/11\/MR5_I4A3232.jpg?fit=300%2C240&amp;ssl=1\" data-large-file=\"https:\/\/i0.wp.com\/navos.ch\/wp-content\/uploads\/2023\/11\/MR5_I4A3232.jpg?fit=580%2C464&amp;ssl=1\" srcset=\"https:\/\/i1.wp.com\/navos.ch\/wp-content\/uploads\/2023\/11\/MR5_I4A3232-1024x819.jpg?strip=info&#038;w=600&#038;ssl=1 600w,https:\/\/i1.wp.com\/navos.ch\/wp-content\/uploads\/2023\/11\/MR5_I4A3232-1024x819.jpg?strip=info&#038;w=900&#038;ssl=1 900w,https:\/\/i1.wp.com\/navos.ch\/wp-content\/uploads\/2023\/11\/MR5_I4A3232-1024x819.jpg?strip=info&#038;w=1200&#038;ssl=1 1200w,https:\/\/i1.wp.com\/navos.ch\/wp-content\/uploads\/2023\/11\/MR5_I4A3232-1024x819.jpg?strip=info&#038;w=1500&#038;ssl=1 1500w\" alt=\"\" data-height=\"1200\" data-id=\"1335\" data-link=\"https:\/\/navos.ch\/?attachment_id=1335\" data-url=\"https:\/\/navos.ch\/wp-content\/uploads\/2023\/11\/MR5_I4A3232-1024x819.jpg\" data-width=\"1500\" src=\"https:\/\/i1.wp.com\/navos.ch\/wp-content\/uploads\/2023\/11\/MR5_I4A3232-1024x819.jpg?ssl=1\" data-amp-layout=\"responsive\"\/><\/figure><figure class=\"tiled-gallery__item\"><img decoding=\"async\" data-attachment-id=\"1347\" data-permalink=\"https:\/\/navos.ch\/?attachment_id=1347\" data-orig-file=\"https:\/\/i0.wp.com\/navos.ch\/wp-content\/uploads\/2023\/11\/M_MG_7091.jpg?fit=1600%2C1200&amp;ssl=1\" data-orig-size=\"1600,1200\" data-comments-opened=\"1\" data-image-meta=\"{&quot;aperture&quot;:&quot;8&quot;,&quot;credit&quot;:&quot;ujo-fotodesign.ch&quot;,&quot;camera&quot;:&quot;Canon EOS 7D&quot;,&quot;caption&quot;:&quot;&quot;,&quot;created_timestamp&quot;:&quot;1403249144&quot;,&quot;copyright&quot;:&quot;ujofotodesign.ch&quot;,&quot;focal_length&quot;:&quot;380&quot;,&quot;iso&quot;:&quot;400&quot;,&quot;shutter_speed&quot;:&quot;0.0005&quot;,&quot;title&quot;:&quot;&quot;,&quot;orientation&quot;:&quot;1&quot;}\" data-image-title=\"M_MG_7091\" data-image-description=\"\" data-image-caption=\"\" data-medium-file=\"https:\/\/i0.wp.com\/navos.ch\/wp-content\/uploads\/2023\/11\/M_MG_7091.jpg?fit=300%2C225&amp;ssl=1\" data-large-file=\"https:\/\/i0.wp.com\/navos.ch\/wp-content\/uploads\/2023\/11\/M_MG_7091.jpg?fit=580%2C435&amp;ssl=1\" data-attachment-id=\"1347\" data-permalink=\"https:\/\/navos.ch\/?attachment_id=1347\" data-orig-file=\"https:\/\/i0.wp.com\/navos.ch\/wp-content\/uploads\/2023\/11\/M_MG_7091.jpg?fit=1600%2C1200&amp;ssl=1\" data-orig-size=\"1600,1200\" data-comments-opened=\"1\" data-image-meta=\"{&quot;aperture&quot;:&quot;8&quot;,&quot;credit&quot;:&quot;ujo-fotodesign.ch&quot;,&quot;camera&quot;:&quot;Canon EOS 7D&quot;,&quot;caption&quot;:&quot;&quot;,&quot;created_timestamp&quot;:&quot;1403249144&quot;,&quot;copyright&quot;:&quot;ujofotodesign.ch&quot;,&quot;focal_length&quot;:&quot;380&quot;,&quot;iso&quot;:&quot;400&quot;,&quot;shutter_speed&quot;:&quot;0.0005&quot;,&quot;title&quot;:&quot;&quot;,&quot;orientation&quot;:&quot;1&quot;}\" data-image-title=\"M_MG_7091\" data-image-description=\"\" data-image-caption=\"\" data-medium-file=\"https:\/\/i0.wp.com\/navos.ch\/wp-content\/uploads\/2023\/11\/M_MG_7091.jpg?fit=300%2C225&amp;ssl=1\" data-large-file=\"https:\/\/i0.wp.com\/navos.ch\/wp-content\/uploads\/2023\/11\/M_MG_7091.jpg?fit=580%2C435&amp;ssl=1\" srcset=\"https:\/\/i1.wp.com\/navos.ch\/wp-content\/uploads\/2023\/11\/M_MG_7091-1024x768.jpg?strip=info&#038;w=600&#038;ssl=1 600w,https:\/\/i1.wp.com\/navos.ch\/wp-content\/uploads\/2023\/11\/M_MG_7091-1024x768.jpg?strip=info&#038;w=900&#038;ssl=1 900w,https:\/\/i1.wp.com\/navos.ch\/wp-content\/uploads\/2023\/11\/M_MG_7091-1024x768.jpg?strip=info&#038;w=1200&#038;ssl=1 1200w,https:\/\/i1.wp.com\/navos.ch\/wp-content\/uploads\/2023\/11\/M_MG_7091-1024x768.jpg?strip=info&#038;w=1500&#038;ssl=1 1500w,https:\/\/i1.wp.com\/navos.ch\/wp-content\/uploads\/2023\/11\/M_MG_7091-1024x768.jpg?strip=info&#038;w=1600&#038;ssl=1 1600w\" alt=\"\" data-height=\"1200\" data-id=\"1347\" data-link=\"https:\/\/navos.ch\/?attachment_id=1347\" data-url=\"https:\/\/navos.ch\/wp-content\/uploads\/2023\/11\/M_MG_7091-1024x768.jpg\" data-width=\"1600\" src=\"https:\/\/i1.wp.com\/navos.ch\/wp-content\/uploads\/2023\/11\/M_MG_7091-1024x768.jpg?ssl=1\" data-amp-layout=\"responsive\"\/><\/figure><\/div><div class=\"tiled-gallery__col\" style=\"flex-basis:31.29714%\"><figure class=\"tiled-gallery__item\"><img decoding=\"async\" data-attachment-id=\"1345\" data-permalink=\"https:\/\/navos.ch\/?attachment_id=1345\" data-orig-file=\"https:\/\/i0.wp.com\/navos.ch\/wp-content\/uploads\/2023\/11\/M_MG_4986.jpg?fit=1061%2C795&amp;ssl=1\" data-orig-size=\"1061,795\" data-comments-opened=\"1\" data-image-meta=\"{&quot;aperture&quot;:&quot;5.6&quot;,&quot;credit&quot;:&quot;ujo-fotodesign.ch&quot;,&quot;camera&quot;:&quot;Canon EOS 7D&quot;,&quot;caption&quot;:&quot;&quot;,&quot;created_timestamp&quot;:&quot;1496476155&quot;,&quot;copyright&quot;:&quot;www.ujofotodesign.ch&quot;,&quot;focal_length&quot;:&quot;400&quot;,&quot;iso&quot;:&quot;200&quot;,&quot;shutter_speed&quot;:&quot;0.00125&quot;,&quot;title&quot;:&quot;&quot;,&quot;orientation&quot;:&quot;1&quot;}\" data-image-title=\"M_MG_4986\" data-image-description=\"\" data-image-caption=\"\" data-medium-file=\"https:\/\/i0.wp.com\/navos.ch\/wp-content\/uploads\/2023\/11\/M_MG_4986.jpg?fit=300%2C225&amp;ssl=1\" data-large-file=\"https:\/\/i0.wp.com\/navos.ch\/wp-content\/uploads\/2023\/11\/M_MG_4986.jpg?fit=580%2C434&amp;ssl=1\" data-attachment-id=\"1345\" data-permalink=\"https:\/\/navos.ch\/?attachment_id=1345\" data-orig-file=\"https:\/\/i0.wp.com\/navos.ch\/wp-content\/uploads\/2023\/11\/M_MG_4986.jpg?fit=1061%2C795&amp;ssl=1\" data-orig-size=\"1061,795\" data-comments-opened=\"1\" data-image-meta=\"{&quot;aperture&quot;:&quot;5.6&quot;,&quot;credit&quot;:&quot;ujo-fotodesign.ch&quot;,&quot;camera&quot;:&quot;Canon EOS 7D&quot;,&quot;caption&quot;:&quot;&quot;,&quot;created_timestamp&quot;:&quot;1496476155&quot;,&quot;copyright&quot;:&quot;www.ujofotodesign.ch&quot;,&quot;focal_length&quot;:&quot;400&quot;,&quot;iso&quot;:&quot;200&quot;,&quot;shutter_speed&quot;:&quot;0.00125&quot;,&quot;title&quot;:&quot;&quot;,&quot;orientation&quot;:&quot;1&quot;}\" data-image-title=\"M_MG_4986\" data-image-description=\"\" data-image-caption=\"\" data-medium-file=\"https:\/\/i0.wp.com\/navos.ch\/wp-content\/uploads\/2023\/11\/M_MG_4986.jpg?fit=300%2C225&amp;ssl=1\" data-large-file=\"https:\/\/i0.wp.com\/navos.ch\/wp-content\/uploads\/2023\/11\/M_MG_4986.jpg?fit=580%2C434&amp;ssl=1\" srcset=\"https:\/\/i0.wp.com\/navos.ch\/wp-content\/uploads\/2023\/11\/M_MG_4986-1024x767.jpg?strip=info&#038;w=600&#038;ssl=1 600w,https:\/\/i0.wp.com\/navos.ch\/wp-content\/uploads\/2023\/11\/M_MG_4986-1024x767.jpg?strip=info&#038;w=900&#038;ssl=1 900w,https:\/\/i0.wp.com\/navos.ch\/wp-content\/uploads\/2023\/11\/M_MG_4986-1024x767.jpg?strip=info&#038;w=1061&#038;ssl=1 1061w\" alt=\"\" data-height=\"795\" data-id=\"1345\" data-link=\"https:\/\/navos.ch\/?attachment_id=1345\" data-url=\"https:\/\/navos.ch\/wp-content\/uploads\/2023\/11\/M_MG_4986-1024x767.jpg\" data-width=\"1061\" src=\"https:\/\/i0.wp.com\/navos.ch\/wp-content\/uploads\/2023\/11\/M_MG_4986-1024x767.jpg?ssl=1\" data-amp-layout=\"responsive\"\/><\/figure><\/div><div class=\"tiled-gallery__col\" style=\"flex-basis:15.39401%\"><figure class=\"tiled-gallery__item\"><img decoding=\"async\" data-attachment-id=\"1342\" data-permalink=\"https:\/\/navos.ch\/?attachment_id=1342\" data-orig-file=\"https:\/\/i0.wp.com\/navos.ch\/wp-content\/uploads\/2023\/11\/M_MG_1094-scaled.jpg?fit=2560%2C1920&amp;ssl=1\" data-orig-size=\"2560,1920\" data-comments-opened=\"1\" data-image-meta=\"{&quot;aperture&quot;:&quot;8&quot;,&quot;credit&quot;:&quot;Uli Jousten&quot;,&quot;camera&quot;:&quot;Canon EOS 5D Mark III&quot;,&quot;caption&quot;:&quot;&quot;,&quot;created_timestamp&quot;:&quot;1483204160&quot;,&quot;copyright&quot;:&quot;www.ujofotodesign.ch&quot;,&quot;focal_length&quot;:&quot;400&quot;,&quot;iso&quot;:&quot;400&quot;,&quot;shutter_speed&quot;:&quot;0.04&quot;,&quot;title&quot;:&quot;&quot;,&quot;orientation&quot;:&quot;1&quot;}\" data-image-title=\"M_MG_1094\" data-image-description=\"\" data-image-caption=\"\" data-medium-file=\"https:\/\/i0.wp.com\/navos.ch\/wp-content\/uploads\/2023\/11\/M_MG_1094-scaled.jpg?fit=300%2C225&amp;ssl=1\" data-large-file=\"https:\/\/i0.wp.com\/navos.ch\/wp-content\/uploads\/2023\/11\/M_MG_1094-scaled.jpg?fit=580%2C435&amp;ssl=1\" data-attachment-id=\"1342\" data-permalink=\"https:\/\/navos.ch\/?attachment_id=1342\" data-orig-file=\"https:\/\/i0.wp.com\/navos.ch\/wp-content\/uploads\/2023\/11\/M_MG_1094-scaled.jpg?fit=2560%2C1920&amp;ssl=1\" data-orig-size=\"2560,1920\" data-comments-opened=\"1\" data-image-meta=\"{&quot;aperture&quot;:&quot;8&quot;,&quot;credit&quot;:&quot;Uli Jousten&quot;,&quot;camera&quot;:&quot;Canon EOS 5D Mark III&quot;,&quot;caption&quot;:&quot;&quot;,&quot;created_timestamp&quot;:&quot;1483204160&quot;,&quot;copyright&quot;:&quot;www.ujofotodesign.ch&quot;,&quot;focal_length&quot;:&quot;400&quot;,&quot;iso&quot;:&quot;400&quot;,&quot;shutter_speed&quot;:&quot;0.04&quot;,&quot;title&quot;:&quot;&quot;,&quot;orientation&quot;:&quot;1&quot;}\" data-image-title=\"M_MG_1094\" data-image-description=\"\" data-image-caption=\"\" data-medium-file=\"https:\/\/i0.wp.com\/navos.ch\/wp-content\/uploads\/2023\/11\/M_MG_1094-scaled.jpg?fit=300%2C225&amp;ssl=1\" data-large-file=\"https:\/\/i0.wp.com\/navos.ch\/wp-content\/uploads\/2023\/11\/M_MG_1094-scaled.jpg?fit=580%2C435&amp;ssl=1\" srcset=\"https:\/\/i0.wp.com\/navos.ch\/wp-content\/uploads\/2023\/11\/M_MG_1094-1024x768.jpg?strip=info&#038;w=600&#038;ssl=1 600w,https:\/\/i0.wp.com\/navos.ch\/wp-content\/uploads\/2023\/11\/M_MG_1094-1024x768.jpg?strip=info&#038;w=900&#038;ssl=1 900w,https:\/\/i0.wp.com\/navos.ch\/wp-content\/uploads\/2023\/11\/M_MG_1094-1024x768.jpg?strip=info&#038;w=1200&#038;ssl=1 1200w,https:\/\/i0.wp.com\/navos.ch\/wp-content\/uploads\/2023\/11\/M_MG_1094-1024x768.jpg?strip=info&#038;w=1500&#038;ssl=1 1500w,https:\/\/i0.wp.com\/navos.ch\/wp-content\/uploads\/2023\/11\/M_MG_1094-1024x768.jpg?strip=info&#038;w=1800&#038;ssl=1 1800w,https:\/\/i0.wp.com\/navos.ch\/wp-content\/uploads\/2023\/11\/M_MG_1094-1024x768.jpg?strip=info&#038;w=2000&#038;ssl=1 2000w\" alt=\"\" data-height=\"1920\" data-id=\"1342\" data-link=\"https:\/\/navos.ch\/?attachment_id=1342\" data-url=\"https:\/\/navos.ch\/wp-content\/uploads\/2023\/11\/M_MG_1094-1024x768.jpg\" data-width=\"2560\" src=\"https:\/\/i0.wp.com\/navos.ch\/wp-content\/uploads\/2023\/11\/M_MG_1094-1024x768.jpg?ssl=1\" data-amp-layout=\"responsive\"\/><\/figure><figure class=\"tiled-gallery__item\"><img decoding=\"async\" data-attachment-id=\"1341\" data-permalink=\"https:\/\/navos.ch\/?attachment_id=1341\" data-orig-file=\"https:\/\/i0.wp.com\/navos.ch\/wp-content\/uploads\/2023\/11\/M7_MG_7531-scaled.jpg?fit=2560%2C1920&amp;ssl=1\" data-orig-size=\"2560,1920\" data-comments-opened=\"1\" data-image-meta=\"{&quot;aperture&quot;:&quot;9&quot;,&quot;credit&quot;:&quot;ujo-fotodesign.ch&quot;,&quot;camera&quot;:&quot;Canon EOS 7D&quot;,&quot;caption&quot;:&quot;&quot;,&quot;created_timestamp&quot;:&quot;1564160811&quot;,&quot;copyright&quot;:&quot;ujofotodesign.ch - Ulrich Jousten&quot;,&quot;focal_length&quot;:&quot;400&quot;,&quot;iso&quot;:&quot;800&quot;,&quot;shutter_speed&quot;:&quot;0.00625&quot;,&quot;title&quot;:&quot;&quot;,&quot;orientation&quot;:&quot;1&quot;}\" data-image-title=\"M7_MG_7531\" data-image-description=\"\" data-image-caption=\"\" data-medium-file=\"https:\/\/i0.wp.com\/navos.ch\/wp-content\/uploads\/2023\/11\/M7_MG_7531-scaled.jpg?fit=300%2C225&amp;ssl=1\" data-large-file=\"https:\/\/i0.wp.com\/navos.ch\/wp-content\/uploads\/2023\/11\/M7_MG_7531-scaled.jpg?fit=580%2C435&amp;ssl=1\" data-attachment-id=\"1341\" data-permalink=\"https:\/\/navos.ch\/?attachment_id=1341\" data-orig-file=\"https:\/\/i0.wp.com\/navos.ch\/wp-content\/uploads\/2023\/11\/M7_MG_7531-scaled.jpg?fit=2560%2C1920&amp;ssl=1\" data-orig-size=\"2560,1920\" data-comments-opened=\"1\" data-image-meta=\"{&quot;aperture&quot;:&quot;9&quot;,&quot;credit&quot;:&quot;ujo-fotodesign.ch&quot;,&quot;camera&quot;:&quot;Canon EOS 7D&quot;,&quot;caption&quot;:&quot;&quot;,&quot;created_timestamp&quot;:&quot;1564160811&quot;,&quot;copyright&quot;:&quot;ujofotodesign.ch - Ulrich Jousten&quot;,&quot;focal_length&quot;:&quot;400&quot;,&quot;iso&quot;:&quot;800&quot;,&quot;shutter_speed&quot;:&quot;0.00625&quot;,&quot;title&quot;:&quot;&quot;,&quot;orientation&quot;:&quot;1&quot;}\" data-image-title=\"M7_MG_7531\" data-image-description=\"\" data-image-caption=\"\" data-medium-file=\"https:\/\/i0.wp.com\/navos.ch\/wp-content\/uploads\/2023\/11\/M7_MG_7531-scaled.jpg?fit=300%2C225&amp;ssl=1\" data-large-file=\"https:\/\/i0.wp.com\/navos.ch\/wp-content\/uploads\/2023\/11\/M7_MG_7531-scaled.jpg?fit=580%2C435&amp;ssl=1\" srcset=\"https:\/\/i0.wp.com\/navos.ch\/wp-content\/uploads\/2023\/11\/M7_MG_7531-1024x768.jpg?strip=info&#038;w=600&#038;ssl=1 600w,https:\/\/i0.wp.com\/navos.ch\/wp-content\/uploads\/2023\/11\/M7_MG_7531-1024x768.jpg?strip=info&#038;w=900&#038;ssl=1 900w,https:\/\/i0.wp.com\/navos.ch\/wp-content\/uploads\/2023\/11\/M7_MG_7531-1024x768.jpg?strip=info&#038;w=1200&#038;ssl=1 1200w,https:\/\/i0.wp.com\/navos.ch\/wp-content\/uploads\/2023\/11\/M7_MG_7531-1024x768.jpg?strip=info&#038;w=1500&#038;ssl=1 1500w,https:\/\/i0.wp.com\/navos.ch\/wp-content\/uploads\/2023\/11\/M7_MG_7531-1024x768.jpg?strip=info&#038;w=1800&#038;ssl=1 1800w,https:\/\/i0.wp.com\/navos.ch\/wp-content\/uploads\/2023\/11\/M7_MG_7531-1024x768.jpg?strip=info&#038;w=2000&#038;ssl=1 2000w\" alt=\"\" data-height=\"1920\" data-id=\"1341\" data-link=\"https:\/\/navos.ch\/?attachment_id=1341\" data-url=\"https:\/\/navos.ch\/wp-content\/uploads\/2023\/11\/M7_MG_7531-1024x768.jpg\" data-width=\"2560\" src=\"https:\/\/i0.wp.com\/navos.ch\/wp-content\/uploads\/2023\/11\/M7_MG_7531-1024x768.jpg?ssl=1\" data-amp-layout=\"responsive\"\/><\/figure><\/div><div class=\"tiled-gallery__col\" style=\"flex-basis:17.77916%\"><figure class=\"tiled-gallery__item\"><img decoding=\"async\" data-attachment-id=\"1340\" data-permalink=\"https:\/\/navos.ch\/?attachment_id=1340\" data-orig-file=\"https:\/\/i0.wp.com\/navos.ch\/wp-content\/uploads\/2023\/11\/M7_MG_6766-scaled.jpg?fit=1920%2C2560&amp;ssl=1\" data-orig-size=\"1920,2560\" data-comments-opened=\"1\" data-image-meta=\"{&quot;aperture&quot;:&quot;8&quot;,&quot;credit&quot;:&quot;ujo-fotodesign.ch&quot;,&quot;camera&quot;:&quot;Canon EOS 7D&quot;,&quot;caption&quot;:&quot;&quot;,&quot;created_timestamp&quot;:&quot;1563355919&quot;,&quot;copyright&quot;:&quot;ujofotodesign.ch - Ulrich Jousten&quot;,&quot;focal_length&quot;:&quot;400&quot;,&quot;iso&quot;:&quot;800&quot;,&quot;shutter_speed&quot;:&quot;0.004&quot;,&quot;title&quot;:&quot;&quot;,&quot;orientation&quot;:&quot;1&quot;}\" data-image-title=\"M7_MG_6766\" data-image-description=\"\" data-image-caption=\"\" data-medium-file=\"https:\/\/i0.wp.com\/navos.ch\/wp-content\/uploads\/2023\/11\/M7_MG_6766-scaled.jpg?fit=225%2C300&amp;ssl=1\" data-large-file=\"https:\/\/i0.wp.com\/navos.ch\/wp-content\/uploads\/2023\/11\/M7_MG_6766-scaled.jpg?fit=580%2C773&amp;ssl=1\" data-attachment-id=\"1340\" data-permalink=\"https:\/\/navos.ch\/?attachment_id=1340\" data-orig-file=\"https:\/\/i0.wp.com\/navos.ch\/wp-content\/uploads\/2023\/11\/M7_MG_6766-scaled.jpg?fit=1920%2C2560&amp;ssl=1\" data-orig-size=\"1920,2560\" data-comments-opened=\"1\" data-image-meta=\"{&quot;aperture&quot;:&quot;8&quot;,&quot;credit&quot;:&quot;ujo-fotodesign.ch&quot;,&quot;camera&quot;:&quot;Canon EOS 7D&quot;,&quot;caption&quot;:&quot;&quot;,&quot;created_timestamp&quot;:&quot;1563355919&quot;,&quot;copyright&quot;:&quot;ujofotodesign.ch - Ulrich Jousten&quot;,&quot;focal_length&quot;:&quot;400&quot;,&quot;iso&quot;:&quot;800&quot;,&quot;shutter_speed&quot;:&quot;0.004&quot;,&quot;title&quot;:&quot;&quot;,&quot;orientation&quot;:&quot;1&quot;}\" data-image-title=\"M7_MG_6766\" data-image-description=\"\" data-image-caption=\"\" data-medium-file=\"https:\/\/i0.wp.com\/navos.ch\/wp-content\/uploads\/2023\/11\/M7_MG_6766-scaled.jpg?fit=225%2C300&amp;ssl=1\" data-large-file=\"https:\/\/i0.wp.com\/navos.ch\/wp-content\/uploads\/2023\/11\/M7_MG_6766-scaled.jpg?fit=580%2C773&amp;ssl=1\" srcset=\"https:\/\/i1.wp.com\/navos.ch\/wp-content\/uploads\/2023\/11\/M7_MG_6766-768x1024.jpg?strip=info&#038;w=600&#038;ssl=1 600w,https:\/\/i1.wp.com\/navos.ch\/wp-content\/uploads\/2023\/11\/M7_MG_6766-768x1024.jpg?strip=info&#038;w=900&#038;ssl=1 900w,https:\/\/i1.wp.com\/navos.ch\/wp-content\/uploads\/2023\/11\/M7_MG_6766-768x1024.jpg?strip=info&#038;w=1200&#038;ssl=1 1200w,https:\/\/i1.wp.com\/navos.ch\/wp-content\/uploads\/2023\/11\/M7_MG_6766-768x1024.jpg?strip=info&#038;w=1500&#038;ssl=1 1500w,https:\/\/i1.wp.com\/navos.ch\/wp-content\/uploads\/2023\/11\/M7_MG_6766-768x1024.jpg?strip=info&#038;w=1800&#038;ssl=1 1800w,https:\/\/i1.wp.com\/navos.ch\/wp-content\/uploads\/2023\/11\/M7_MG_6766-768x1024.jpg?strip=info&#038;w=1920&#038;ssl=1 1920w\" alt=\"\" data-height=\"2560\" data-id=\"1340\" data-link=\"https:\/\/navos.ch\/?attachment_id=1340\" data-url=\"https:\/\/navos.ch\/wp-content\/uploads\/2023\/11\/M7_MG_6766-768x1024.jpg\" data-width=\"1920\" src=\"https:\/\/i1.wp.com\/navos.ch\/wp-content\/uploads\/2023\/11\/M7_MG_6766-768x1024.jpg?ssl=1\" data-amp-layout=\"responsive\"\/><\/figure><\/div><div class=\"tiled-gallery__col\" style=\"flex-basis:9.41442%\"><figure class=\"tiled-gallery__item\"><img decoding=\"async\" data-attachment-id=\"1350\" data-permalink=\"https:\/\/navos.ch\/?attachment_id=1350\" data-orig-file=\"https:\/\/i0.wp.com\/navos.ch\/wp-content\/uploads\/2023\/11\/M5_MG_2680.jpg?fit=1280%2C1600&amp;ssl=1\" data-orig-size=\"1280,1600\" data-comments-opened=\"1\" data-image-meta=\"{&quot;aperture&quot;:&quot;8&quot;,&quot;credit&quot;:&quot;Uli Jousten&quot;,&quot;camera&quot;:&quot;Canon EOS 5D Mark III&quot;,&quot;caption&quot;:&quot;&quot;,&quot;created_timestamp&quot;:&quot;1591872745&quot;,&quot;copyright&quot;:&quot;ujofotodesign.ch - Ulrich Jousten&quot;,&quot;focal_length&quot;:&quot;400&quot;,&quot;iso&quot;:&quot;400&quot;,&quot;shutter_speed&quot;:&quot;0.0015625&quot;,&quot;title&quot;:&quot;&quot;,&quot;orientation&quot;:&quot;1&quot;}\" data-image-title=\"M5_MG_2680\" data-image-description=\"\" data-image-caption=\"\" data-medium-file=\"https:\/\/i0.wp.com\/navos.ch\/wp-content\/uploads\/2023\/11\/M5_MG_2680.jpg?fit=240%2C300&amp;ssl=1\" data-large-file=\"https:\/\/i0.wp.com\/navos.ch\/wp-content\/uploads\/2023\/11\/M5_MG_2680.jpg?fit=580%2C725&amp;ssl=1\" data-attachment-id=\"1350\" data-permalink=\"https:\/\/navos.ch\/?attachment_id=1350\" data-orig-file=\"https:\/\/i0.wp.com\/navos.ch\/wp-content\/uploads\/2023\/11\/M5_MG_2680.jpg?fit=1280%2C1600&amp;ssl=1\" data-orig-size=\"1280,1600\" data-comments-opened=\"1\" data-image-meta=\"{&quot;aperture&quot;:&quot;8&quot;,&quot;credit&quot;:&quot;Uli Jousten&quot;,&quot;camera&quot;:&quot;Canon EOS 5D Mark III&quot;,&quot;caption&quot;:&quot;&quot;,&quot;created_timestamp&quot;:&quot;1591872745&quot;,&quot;copyright&quot;:&quot;ujofotodesign.ch - Ulrich Jousten&quot;,&quot;focal_length&quot;:&quot;400&quot;,&quot;iso&quot;:&quot;400&quot;,&quot;shutter_speed&quot;:&quot;0.0015625&quot;,&quot;title&quot;:&quot;&quot;,&quot;orientation&quot;:&quot;1&quot;}\" data-image-title=\"M5_MG_2680\" data-image-description=\"\" data-image-caption=\"\" data-medium-file=\"https:\/\/i0.wp.com\/navos.ch\/wp-content\/uploads\/2023\/11\/M5_MG_2680.jpg?fit=240%2C300&amp;ssl=1\" data-large-file=\"https:\/\/i0.wp.com\/navos.ch\/wp-content\/uploads\/2023\/11\/M5_MG_2680.jpg?fit=580%2C725&amp;ssl=1\" srcset=\"https:\/\/i0.wp.com\/navos.ch\/wp-content\/uploads\/2023\/11\/M5_MG_2680-819x1024.jpg?strip=info&#038;w=600&#038;ssl=1 600w,https:\/\/i0.wp.com\/navos.ch\/wp-content\/uploads\/2023\/11\/M5_MG_2680-819x1024.jpg?strip=info&#038;w=900&#038;ssl=1 900w,https:\/\/i0.wp.com\/navos.ch\/wp-content\/uploads\/2023\/11\/M5_MG_2680-819x1024.jpg?strip=info&#038;w=1200&#038;ssl=1 1200w,https:\/\/i0.wp.com\/navos.ch\/wp-content\/uploads\/2023\/11\/M5_MG_2680-819x1024.jpg?strip=info&#038;w=1280&#038;ssl=1 1280w\" alt=\"\" data-height=\"1600\" data-id=\"1350\" data-link=\"https:\/\/navos.ch\/?attachment_id=1350\" data-url=\"https:\/\/navos.ch\/wp-content\/uploads\/2023\/11\/M5_MG_2680-819x1024.jpg\" data-width=\"1280\" src=\"https:\/\/i0.wp.com\/navos.ch\/wp-content\/uploads\/2023\/11\/M5_MG_2680-819x1024.jpg?ssl=1\" data-amp-layout=\"responsive\"\/><\/figure><figure class=\"tiled-gallery__item\"><img decoding=\"async\" data-attachment-id=\"1349\" data-permalink=\"https:\/\/navos.ch\/?attachment_id=1349\" data-orig-file=\"https:\/\/i0.wp.com\/navos.ch\/wp-content\/uploads\/2023\/11\/M5_MG_2404-1.jpg?fit=1281%2C1600&amp;ssl=1\" data-orig-size=\"1281,1600\" data-comments-opened=\"1\" data-image-meta=\"{&quot;aperture&quot;:&quot;11&quot;,&quot;credit&quot;:&quot;Uli Jousten&quot;,&quot;camera&quot;:&quot;Canon EOS 5D Mark III&quot;,&quot;caption&quot;:&quot;&quot;,&quot;created_timestamp&quot;:&quot;1591124670&quot;,&quot;copyright&quot;:&quot;ujofotodesign.ch - Ulrich Jousten&quot;,&quot;focal_length&quot;:&quot;400&quot;,&quot;iso&quot;:&quot;400&quot;,&quot;shutter_speed&quot;:&quot;0.01&quot;,&quot;title&quot;:&quot;&quot;,&quot;orientation&quot;:&quot;1&quot;}\" data-image-title=\"M5_MG_2404\" data-image-description=\"\" data-image-caption=\"\" data-medium-file=\"https:\/\/i0.wp.com\/navos.ch\/wp-content\/uploads\/2023\/11\/M5_MG_2404-1.jpg?fit=240%2C300&amp;ssl=1\" data-large-file=\"https:\/\/i0.wp.com\/navos.ch\/wp-content\/uploads\/2023\/11\/M5_MG_2404-1.jpg?fit=580%2C724&amp;ssl=1\" data-attachment-id=\"1349\" data-permalink=\"https:\/\/navos.ch\/?attachment_id=1349\" data-orig-file=\"https:\/\/i0.wp.com\/navos.ch\/wp-content\/uploads\/2023\/11\/M5_MG_2404-1.jpg?fit=1281%2C1600&amp;ssl=1\" data-orig-size=\"1281,1600\" data-comments-opened=\"1\" data-image-meta=\"{&quot;aperture&quot;:&quot;11&quot;,&quot;credit&quot;:&quot;Uli Jousten&quot;,&quot;camera&quot;:&quot;Canon EOS 5D Mark III&quot;,&quot;caption&quot;:&quot;&quot;,&quot;created_timestamp&quot;:&quot;1591124670&quot;,&quot;copyright&quot;:&quot;ujofotodesign.ch - Ulrich Jousten&quot;,&quot;focal_length&quot;:&quot;400&quot;,&quot;iso&quot;:&quot;400&quot;,&quot;shutter_speed&quot;:&quot;0.01&quot;,&quot;title&quot;:&quot;&quot;,&quot;orientation&quot;:&quot;1&quot;}\" data-image-title=\"M5_MG_2404\" data-image-description=\"\" data-image-caption=\"\" data-medium-file=\"https:\/\/i0.wp.com\/navos.ch\/wp-content\/uploads\/2023\/11\/M5_MG_2404-1.jpg?fit=240%2C300&amp;ssl=1\" data-large-file=\"https:\/\/i0.wp.com\/navos.ch\/wp-content\/uploads\/2023\/11\/M5_MG_2404-1.jpg?fit=580%2C724&amp;ssl=1\" srcset=\"https:\/\/i0.wp.com\/navos.ch\/wp-content\/uploads\/2023\/11\/M5_MG_2404-1-820x1024.jpg?strip=info&#038;w=600&#038;ssl=1 600w,https:\/\/i0.wp.com\/navos.ch\/wp-content\/uploads\/2023\/11\/M5_MG_2404-1-820x1024.jpg?strip=info&#038;w=900&#038;ssl=1 900w,https:\/\/i0.wp.com\/navos.ch\/wp-content\/uploads\/2023\/11\/M5_MG_2404-1-820x1024.jpg?strip=info&#038;w=1200&#038;ssl=1 1200w,https:\/\/i0.wp.com\/navos.ch\/wp-content\/uploads\/2023\/11\/M5_MG_2404-1-820x1024.jpg?strip=info&#038;w=1281&#038;ssl=1 1281w\" alt=\"\" data-height=\"1600\" data-id=\"1349\" data-link=\"https:\/\/navos.ch\/?attachment_id=1349\" data-url=\"https:\/\/navos.ch\/wp-content\/uploads\/2023\/11\/M5_MG_2404-1-820x1024.jpg\" data-width=\"1281\" src=\"https:\/\/i0.wp.com\/navos.ch\/wp-content\/uploads\/2023\/11\/M5_MG_2404-1-820x1024.jpg?ssl=1\" data-amp-layout=\"responsive\"\/><\/figure><\/div><\/div><\/div><\/div>\n\n\n\n<p class=\"has-secondary-color has-text-color has-helvetica-font-family has-small-font-size has-custom-font\" style=\"font-family:Helvetica\">Erhalte Benachrichtigungen \u00fcber neue Inhalte direkt per <a href=\"mailto:navos@bluewin.ch\"><mark style=\"background-color:rgba(0, 0, 0, 0)\" class=\"has-inline-color has-accent-color\">E-Mail<\/mark>.<\/a><\/p>\n\n\n\n<div class=\"wp-block-jetpack-layout-grid alignfull column1-desktop-grid__span-11 column1-desktop-grid__start-2 column1-desktop-grid__row-1 column1-tablet-grid__span-8 column1-tablet-grid__row-1 column1-mobile-grid__span-4 column1-mobile-grid__row-1\">\n<div class=\"wp-block-jetpack-layout-grid-column wp-block-jetpack-layout-grid__padding-none\">\n<h4 class=\"wp-block-heading\">Willkommen auf unserer Homepage<\/h4>\n\n\n\n<p><\/p>\n\n\n\n<h4 class=\"wp-block-heading\">Aktuelles<\/h4>\n\n\n\n<div class=\"wp-block-columns is-layout-flex wp-container-core-columns-is-layout-9d6595d7 wp-block-columns-is-layout-flex\">\n<div class=\"wp-block-column is-layout-flow wp-block-column-is-layout-flow\">\n<p class=\"has-helvetica-font-family has-custom-font has-custom-weight\" style=\"font-family:Helvetica;font-weight:bold\"><a href=\"https:\/\/navos.ch\/?p=11\"><strong>Aus dem Verein<\/strong><\/a><\/p>\n\n\n\n<p class=\"has-secondary-color has-text-color has-helvetica-font-family has-custom-font\" style=\"font-family:Helvetica\">Die Heckenpflege findet am 26. September ab 08:00 im Gebiet Honert in Stetten statt.<\/p>\n\n\n\n<p class=\"has-secondary-color has-text-color has-helvetica-font-family has-custom-font\" style=\"font-family:Helvetica\">Die Nistkastenreinigung in Stetten findet am 17. Oktober statt. Treffpunkt: 13:00 Uhr beim Gemeindehaus Stetten<\/p>\n\n\n\n<p class=\"has-secondary-color has-text-color has-helvetica-font-family has-custom-font\" style=\"font-family:Helvetica\">Die Nistkastenreinigung in K\u00fcnten findet am 14. November statt. Treffpunkt ist der Kiesplatz an der Schule, um 10:00 Uhr.<\/p>\n\n\n\n<p class=\"has-secondary-color has-text-color has-helvetica-font-family has-custom-font\" style=\"font-family:Helvetica\"><\/p>\n\n\n\n<div class=\"wp-block-columns is-layout-flex wp-container-core-columns-is-layout-9d6595d7 wp-block-columns-is-layout-flex\">\n<div class=\"wp-block-column is-layout-flow wp-block-column-is-layout-flow\"><\/div>\n\n\n\n<div class=\"wp-block-column is-layout-flow wp-block-column-is-layout-flow\"><\/div>\n<\/div>\n<\/div>\n\n\n\n<div class=\"wp-block-column is-layout-flow wp-block-column-is-layout-flow\">\n<p class=\"has-helvetica-font-family has-custom-font has-custom-weight\" style=\"font-family:Helvetica;font-weight:bold\"><mark style=\"background-color:rgba(0, 0, 0, 0)\" class=\"has-inline-color has-accent-color\"><a href=\"http:\/\/birdlife-ag.ch ?\" class=\"broken_link\">BirdLife<\/a><\/mark><\/p>\n\n\n\n<p class=\"has-secondary-color has-text-color has-helvetica-font-family has-custom-font\" style=\"font-family:Helvetica\">Seit 100 Jahren engagiert sich BirdLife Schweiz f\u00fcr die Vielfalt der Natur. Als NAVOS sind wir Mitglied von BirdLife Aargau. BirdLife Aargau vereinigt \u00fcber 100 lokale Naturschutzvereine und rund 14&#8217;000 Mitgliedern, setzt Projekte um und bietet vief\u00e4ltige Anl\u00e4sse an.<\/p>\n\n\n\n<figure class=\"wp-block-image size-full\"><img loading=\"lazy\" decoding=\"async\" width=\"120\" height=\"95\" data-attachment-id=\"3330\" data-permalink=\"https:\/\/navos.ch\/?attachment_id=3330\" data-orig-file=\"https:\/\/i0.wp.com\/navos.ch\/wp-content\/uploads\/2025\/12\/Logo-BirdLife-Aargau.gif?fit=120%2C95&amp;ssl=1\" data-orig-size=\"120,95\" data-comments-opened=\"1\" data-image-meta=\"{&quot;aperture&quot;:&quot;0&quot;,&quot;credit&quot;:&quot;&quot;,&quot;camera&quot;:&quot;&quot;,&quot;caption&quot;:&quot;&quot;,&quot;created_timestamp&quot;:&quot;0&quot;,&quot;copyright&quot;:&quot;&quot;,&quot;focal_length&quot;:&quot;0&quot;,&quot;iso&quot;:&quot;0&quot;,&quot;shutter_speed&quot;:&quot;0&quot;,&quot;title&quot;:&quot;&quot;,&quot;orientation&quot;:&quot;0&quot;}\" data-image-title=\"Logo BirdLife Aargau\" data-image-description=\"\" data-image-caption=\"\" data-medium-file=\"https:\/\/i0.wp.com\/navos.ch\/wp-content\/uploads\/2025\/12\/Logo-BirdLife-Aargau.gif?fit=120%2C95&amp;ssl=1\" data-large-file=\"https:\/\/i0.wp.com\/navos.ch\/wp-content\/uploads\/2025\/12\/Logo-BirdLife-Aargau.gif?fit=120%2C95&amp;ssl=1\" src=\"https:\/\/i0.wp.com\/navos.ch\/wp-content\/uploads\/2025\/12\/Logo-BirdLife-Aargau.gif?resize=120%2C95&#038;ssl=1\" alt=\"\" class=\"wp-image-3330\" data-recalc-dims=\"1\"\/><\/figure>\n\n\n\n<p class=\"has-helvetica-font-family has-custom-font\" style=\"font-family:Helvetica\"><a href=\"http:\/\/www.birdlife-ag.ch\" target=\"_blank\" rel=\"noreferrer noopener\">BirdLife Aargau<\/a><\/p>\n<\/div>\n\n\n\n<div class=\"wp-block-column is-layout-flow wp-block-column-is-layout-flow\">\n<p class=\"has-accent-color has-text-color has-helvetica-font-family has-custom-font has-custom-weight\" style=\"font-family:Helvetica;font-weight:bold\"><a href=\"https:\/\/navos.ch\/?page_id=342\" data-type=\"page\" data-id=\"342\">Mitglied oder G\u00f6nner werden<\/a><\/p>\n\n\n\n<p class=\"has-secondary-color has-text-color has-helvetica-font-family has-custom-font\" style=\"font-family:Helvetica\">Mitglied oder G\u00f6nner zu werden ist ganz einfach, per E-Mail k\u00f6nnt Ihr euch anmelden.<\/p>\n<\/div>\n<\/div>\n\n\n\n<p class=\"has-helvetica-font-family has-small-font-size has-custom-font\" style=\"font-family:Helvetica\"><\/p>\n\n\n\n<p><\/p>\n\n\n\n<p><\/p>\n\n\n\n<p class=\"has-helvetica-font-family has-small-font-size has-custom-font\" style=\"font-family:Helvetica\"><\/p>\n\n\n\n<p><\/p>\n\n\n\n<p><\/p>\n\n\n\n<h4 class=\"wp-block-heading\">N\u00e4chste Veranstaltungen<\/h4>\n\n\n\n<div class=\"wp-block-columns is-layout-flex wp-container-core-columns-is-layout-9d6595d7 wp-block-columns-is-layout-flex\">\n<div class=\"wp-block-column is-layout-flow wp-block-column-is-layout-flow\">\n<p class=\"has-accent-color has-text-color has-link-color has-helvetica-font-family has-normal-font-size has-custom-font wp-elements-dacdfabe5e803d0074e2a9f845f0afa5\" style=\"font-family:Helvetica\"><strong>Heckenpflege im Honert<\/strong><\/p>\n\n\n\n<p class=\"has-secondary-color has-text-color has-helvetica-font-family has-normal-font-size has-custom-font\" style=\"font-family:Helvetica\">Die Heckenpflege findet am <strong>26. September<\/strong> <strong>2026<\/strong> <strong>ab 08:00 Uhr <\/strong>im Gebiet Honert in Stetten statt. Bis am Mittag werden wir die Pflegemassnahmen durchf\u00fchren und anschliessend bei sch\u00f6nem Wetter die Arbeitenden mit einem Grill-Z&#8217;Mittag belohnen.<\/p>\n\n\n\n<p class=\"has-secondary-color has-text-color has-helvetica-font-family has-normal-font-size has-custom-font\" style=\"font-family:Helvetica\"><a href=\"https:\/\/navos.ch\/wp-content\/uploads\/2026\/08\/2026-09-26_Heckenpflege_farbig.pdf\" target=\"_blank\" rel=\"noreferrer noopener\">Programm<\/a><br><\/p>\n<\/div>\n\n\n\n<div class=\"wp-block-column is-layout-flow wp-block-column-is-layout-flow\">\n<p class=\"has-accent-color has-text-color has-link-color has-helvetica-font-family has-normal-font-size has-custom-font wp-elements-3b419fe39683436405fa01c6c9ee2290\" style=\"font-family:Helvetica\"><strong>Nistkastenreinigung 2026<\/strong><\/p>\n\n\n\n<p class=\"has-secondary-color has-text-color has-link-color has-helvetica-font-family has-normal-font-size has-custom-font wp-elements-8a2e2acddfb9cdb2937616a1ee1b16cb\" style=\"font-family:Helvetica\">In Stetten: <strong>Samstag, 17. Okt. 2026 <\/strong>Treffpunkt: <strong>13:00 Uhr <\/strong>auf dem Parkplatz hinter dem Gemeindehaus in Stetten<\/p>\n\n\n\n<p class=\"has-secondary-color has-text-color has-link-color has-helvetica-font-family has-normal-font-size has-custom-font wp-elements-bbb5332b799ea924d62cbe711bea1edd\" style=\"font-family:Helvetica\">In K\u00fcnten: <strong>Samstag, 14. Nov. 2026 <\/strong>Treffpunkt: <strong>10:00 Uhr<\/strong> auf dem Kiesplatz unterhalb der Schule in K\u00fcnten<\/p>\n\n\n\n<p class=\"has-secondary-color has-text-color has-link-color has-helvetica-font-family has-normal-font-size has-custom-font wp-elements-f7e1da5e6f4898e9ea82d19a8c14e9aa\" style=\"font-family:Helvetica\">Anschliessend offerieren wir eine Verpflegung.<\/p>\n\n\n\n<p class=\"has-secondary-color has-text-color has-link-color has-helvetica-font-family has-normal-font-size has-custom-font wp-elements-37a371181ae6c4f4345fcddf6ba41f28\" style=\"font-family:Helvetica\">Wir freuen uns auf eine zahlreiche Beteiligung. Auch Nichtmitglieder sind herzlich willkommen.<\/p>\n\n\n\n<p class=\"has-secondary-color has-text-color has-link-color has-helvetica-font-family has-normal-font-size has-custom-font wp-elements-8a189682b8da5b6f7b3a58b966081db1\" style=\"font-family:Helvetica\">Handschuhe und gute Schuhe bitte selbst mitbringen.<\/p>\n\n\n\n<p class=\"has-secondary-color has-text-color has-link-color has-helvetica-font-family has-normal-font-size has-custom-font wp-elements-bc98e82e1e30395bed38e8ee5cca89e2\" style=\"font-family:Helvetica\"><a href=\"https:\/\/navos.ch\/wp-content\/uploads\/2026\/08\/2026_Nistkastenreinigung_farbig.pdf\" target=\"_blank\" rel=\"noreferrer noopener\">Programm<\/a><\/p>\n<\/div>\n\n\n\n<div class=\"wp-block-column is-vertically-aligned-top is-layout-flow wp-block-column-is-layout-flow\">\n<p class=\"has-accent-color has-text-color has-link-color has-helvetica-font-family has-normal-font-size has-custom-font wp-elements-34d10e38d7e4306c282d54849309c0c9\" style=\"font-family:Helvetica\"><strong>Jahresprogramm 2026<\/strong><\/p>\n\n\n\n<p class=\"has-secondary-color has-text-color has-helvetica-font-family has-normal-font-size has-custom-font\" style=\"font-family:Helvetica\">\u00dcbers ganze Jahr bieten wir ein vielseitiges Angebot an Exkursionen, Arbeitseins\u00e4tzen und  Familienanl\u00e4ssen. <\/p>\n\n\n\n<p class=\"has-secondary-color has-text-color has-helvetica-font-family has-normal-font-size has-custom-font\" style=\"font-family:Helvetica\">Dabei kommt  jeweils auch das gem\u00fctliche Beisammensein bei einem einfachen Imbiss nicht zu kurz. <\/p>\n\n\n\n<p class=\"has-secondary-color has-text-color has-helvetica-font-family has-normal-font-size has-custom-font\" style=\"font-family:Helvetica\">Wir freuen uns \u00fcber zahlreiche Beteiligung von kleinen und grossen Naturbegeisterten.<\/p>\n\n\n\n<p class=\"has-secondary-color has-text-color has-helvetica-font-family has-normal-font-size has-custom-font\" style=\"font-family:Helvetica\">Das Jahresprogramm kann hier heruntergeladen werden:<\/p>\n\n\n\n<p class=\"has-helvetica-font-family has-normal-font-size has-custom-font\" style=\"font-family:Helvetica\"><a href=\"https:\/\/navos.ch\/wp-content\/uploads\/2026\/02\/Jahresprogramm_2026_03.pdf\" target=\"_blank\" rel=\"noreferrer noopener\">Jahresprogramm 2026<\/a><\/p>\n<\/div>\n<\/div>\n\n\n\n<div class=\"wp-block-columns is-layout-flex wp-container-core-columns-is-layout-9d6595d7 wp-block-columns-is-layout-flex\">\n<div class=\"wp-block-column is-layout-flow wp-block-column-is-layout-flow\">\n<p class=\"has-helvetica-font-family has-small-font-size has-custom-font\" style=\"font-family:Helvetica\"><br><\/p>\n\n\n\n<p class=\"has-helvetica-font-family has-small-font-size has-custom-font\" style=\"font-family:Helvetica\"><\/p>\n\n\n\n<p><\/p>\n\n\n\n<p class=\"has-secondary-color has-text-color has-helvetica-font-family has-small-font-size has-custom-font\" style=\"font-family:Helvetica\"><\/p>\n\n\n\n<p class=\"has-secondary-color has-text-color has-helvetica-font-family has-small-font-size has-custom-font\" style=\"font-family:Helvetica\"><\/p>\n<\/div>\n\n\n\n<div class=\"wp-block-column is-layout-flow wp-block-column-is-layout-flow\">\n<p class=\"has-accent-color has-text-color has-helvetica-font-family has-normal-font-size has-custom-font\" style=\"font-family:Helvetica\"><\/p>\n\n\n\n<p class=\"has-helvetica-font-family has-small-font-size has-custom-font\" style=\"font-family:Helvetica\"><\/p>\n\n\n\n<p class=\"has-helvetica-font-family has-custom-font\" style=\"font-family:Helvetica\"><\/p>\n\n\n\n<p><\/p>\n\n\n\n<p><\/p>\n\n\n\n<p class=\"has-helvetica-font-family has-custom-font\" style=\"font-family:Helvetica\"><\/p>\n<\/div>\n<\/div>\n\n\n\n<p>&nbsp;<\/p>\n<\/div>\n<\/div>\n\n\n\n<p><\/p>\n","protected":false},"excerpt":{"rendered":"<p>Erhalte Benachrichtigungen \u00fcber neue Inhalte direkt per E-Mail. Willkommen auf unserer Homepage Aktuelles Aus dem Verein Die Heckenpflege findet am 26. September ab 08:00 im Gebiet Honert in Stetten statt. Die Nistkastenreinigung in Stetten findet am 17. Oktober statt. Treffpunkt: 13:00 Uhr beim Gemeindehaus Stetten Die Nistkastenreinigung in K\u00fcnten findet am 14. November statt. Treffpunkt [&hellip;]<\/p>\n","protected":false},"author":196019482,"featured_media":0,"parent":0,"menu_order":1,"comment_status":"closed","ping_status":"closed","template":"","meta":{"_coblocks_attr":"Helvetica,Arial,Helvetica","_coblocks_dimensions":"","_coblocks_responsive_height":"","_coblocks_accordion_ie_support":"","footnotes":""},"class_list":["post-6","page","type-page","status-publish","hentry"],"yoast_head":"<!-- This site is optimized with the Yoast SEO plugin v20.8 - https:\/\/yoast.com\/wordpress\/plugins\/seo\/ -->\n<title>NAVOS Stetten \/ K\u00fcnten - Natur- und Vogelschutzverein Stetten \/ K\u00fcnten<\/title>\n<meta name=\"robots\" content=\"index, follow, max-snippet:-1, max-image-preview:large, max-video-preview:-1\" \/>\n<link rel=\"canonical\" href=\"https:\/\/navos.ch\/\" \/>\n<meta property=\"og:locale\" content=\"de_DE\" \/>\n<meta property=\"og:type\" content=\"article\" \/>\n<meta property=\"og:title\" content=\"NAVOS Stetten \/ K\u00fcnten - Natur- und Vogelschutzverein Stetten \/ K\u00fcnten\" \/>\n<meta property=\"og:description\" content=\"Erhalte Benachrichtigungen \u00fcber neue Inhalte direkt per E-Mail. Willkommen auf unserer Homepage Aktuelles Aus dem Verein Die Heckenpflege findet am 26. September ab 08:00 im Gebiet Honert in Stetten statt. Die Nistkastenreinigung in Stetten findet am 17. Oktober statt. Treffpunkt: 13:00 Uhr beim Gemeindehaus Stetten Die Nistkastenreinigung in K\u00fcnten findet am 14. November statt. Treffpunkt [&hellip;]\" \/>\n<meta property=\"og:url\" content=\"https:\/\/navos.ch\/\" \/>\n<meta property=\"og:site_name\" content=\"Natur- und Vogelschutzverein Stetten \/ K\u00fcnten\" \/>\n<meta property=\"article:modified_time\" content=\"2026-08-22T19:02:44+00:00\" \/>\n<meta property=\"og:image\" content=\"https:\/\/i1.wp.com\/navos.ch\/wp-content\/uploads\/2023\/11\/M7_MG_6673-768x1024.jpg?ssl=1\" \/>\n<meta name=\"twitter:card\" content=\"summary_large_image\" \/>\n<meta name=\"twitter:label1\" content=\"Gesch\u00e4tzte Lesezeit\" \/>\n\t<meta name=\"twitter:data1\" content=\"4\u00a0Minuten\" \/>\n<script type=\"application\/ld+json\" class=\"yoast-schema-graph\">{\"@context\":\"https:\/\/schema.org\",\"@graph\":[{\"@type\":\"WebPage\",\"@id\":\"https:\/\/navos.ch\/\",\"url\":\"https:\/\/navos.ch\/\",\"name\":\"NAVOS Stetten \/ K\u00fcnten - Natur- und Vogelschutzverein Stetten \/ K\u00fcnten\",\"isPartOf\":{\"@id\":\"https:\/\/navos.ch\/#website\"},\"datePublished\":\"2024-01-24T13:04:20+00:00\",\"dateModified\":\"2026-08-22T19:02:44+00:00\",\"breadcrumb\":{\"@id\":\"https:\/\/navos.ch\/#breadcrumb\"},\"inLanguage\":\"de\",\"potentialAction\":[{\"@type\":\"ReadAction\",\"target\":[\"https:\/\/navos.ch\/\"]}]},{\"@type\":\"BreadcrumbList\",\"@id\":\"https:\/\/navos.ch\/#breadcrumb\",\"itemListElement\":[{\"@type\":\"ListItem\",\"position\":1,\"name\":\"Startseite\",\"item\":\"https:\/\/navos.ch\/\"},{\"@type\":\"ListItem\",\"position\":2,\"name\":\"NAVOS Stetten \/ K\u00fcnten\"}]},{\"@type\":\"WebSite\",\"@id\":\"https:\/\/navos.ch\/#website\",\"url\":\"https:\/\/navos.ch\/\",\"name\":\"Natur- und Vogelschutzverein Stetten \/ K\u00fcnten\",\"description\":\"\",\"publisher\":{\"@id\":\"https:\/\/navos.ch\/#organization\"},\"potentialAction\":[{\"@type\":\"SearchAction\",\"target\":{\"@type\":\"EntryPoint\",\"urlTemplate\":\"https:\/\/navos.ch\/?s={search_term_string}\"},\"query-input\":\"required name=search_term_string\"}],\"inLanguage\":\"de\"},{\"@type\":\"Organization\",\"@id\":\"https:\/\/navos.ch\/#organization\",\"name\":\"Natur- und Vogelschutzverein Stetten \/ K\u00fcnten\",\"url\":\"https:\/\/navos.ch\/\",\"logo\":{\"@type\":\"ImageObject\",\"inLanguage\":\"de\",\"@id\":\"https:\/\/navos.ch\/#\/schema\/logo\/image\/\",\"url\":\"https:\/\/i0.wp.com\/navos.ch\/wp-content\/uploads\/2023\/11\/cropped-cropped-cropped-cropped-LOGO-500X500-Web-Background.jpg?fit=511%2C432&ssl=1\",\"contentUrl\":\"https:\/\/i0.wp.com\/navos.ch\/wp-content\/uploads\/2023\/11\/cropped-cropped-cropped-cropped-LOGO-500X500-Web-Background.jpg?fit=511%2C432&ssl=1\",\"width\":511,\"height\":432,\"caption\":\"Natur- und Vogelschutzverein Stetten \/ K\u00fcnten\"},\"image\":{\"@id\":\"https:\/\/navos.ch\/#\/schema\/logo\/image\/\"}}]}<\/script>\n<!-- \/ Yoast SEO plugin. -->","yoast_head_json":{"title":"NAVOS Stetten \/ K\u00fcnten - Natur- und Vogelschutzverein Stetten \/ K\u00fcnten","robots":{"index":"index","follow":"follow","max-snippet":"max-snippet:-1","max-image-preview":"max-image-preview:large","max-video-preview":"max-video-preview:-1"},"canonical":"https:\/\/navos.ch\/","og_locale":"de_DE","og_type":"article","og_title":"NAVOS Stetten \/ K\u00fcnten - Natur- und Vogelschutzverein Stetten \/ K\u00fcnten","og_description":"Erhalte Benachrichtigungen \u00fcber neue Inhalte direkt per E-Mail. Willkommen auf unserer Homepage Aktuelles Aus dem Verein Die Heckenpflege findet am 26. September ab 08:00 im Gebiet Honert in Stetten statt. Die Nistkastenreinigung in Stetten findet am 17. Oktober statt. Treffpunkt: 13:00 Uhr beim Gemeindehaus Stetten Die Nistkastenreinigung in K\u00fcnten findet am 14. November statt. Treffpunkt [&hellip;]","og_url":"https:\/\/navos.ch\/","og_site_name":"Natur- und Vogelschutzverein Stetten \/ K\u00fcnten","article_modified_time":"2026-08-22T19:02:44+00:00","og_image":[{"url":"https:\/\/i1.wp.com\/navos.ch\/wp-content\/uploads\/2023\/11\/M7_MG_6673-768x1024.jpg?ssl=1"}],"twitter_card":"summary_large_image","twitter_misc":{"Gesch\u00e4tzte Lesezeit":"4\u00a0Minuten"},"schema":{"@context":"https:\/\/schema.org","@graph":[{"@type":"WebPage","@id":"https:\/\/navos.ch\/","url":"https:\/\/navos.ch\/","name":"NAVOS Stetten \/ K\u00fcnten - Natur- und Vogelschutzverein Stetten \/ K\u00fcnten","isPartOf":{"@id":"https:\/\/navos.ch\/#website"},"datePublished":"2024-01-24T13:04:20+00:00","dateModified":"2026-08-22T19:02:44+00:00","breadcrumb":{"@id":"https:\/\/navos.ch\/#breadcrumb"},"inLanguage":"de","potentialAction":[{"@type":"ReadAction","target":["https:\/\/navos.ch\/"]}]},{"@type":"BreadcrumbList","@id":"https:\/\/navos.ch\/#breadcrumb","itemListElement":[{"@type":"ListItem","position":1,"name":"Startseite","item":"https:\/\/navos.ch\/"},{"@type":"ListItem","position":2,"name":"NAVOS Stetten \/ K\u00fcnten"}]},{"@type":"WebSite","@id":"https:\/\/navos.ch\/#website","url":"https:\/\/navos.ch\/","name":"Natur- und Vogelschutzverein Stetten \/ K\u00fcnten","description":"","publisher":{"@id":"https:\/\/navos.ch\/#organization"},"potentialAction":[{"@type":"SearchAction","target":{"@type":"EntryPoint","urlTemplate":"https:\/\/navos.ch\/?s={search_term_string}"},"query-input":"required name=search_term_string"}],"inLanguage":"de"},{"@type":"Organization","@id":"https:\/\/navos.ch\/#organization","name":"Natur- und Vogelschutzverein Stetten \/ K\u00fcnten","url":"https:\/\/navos.ch\/","logo":{"@type":"ImageObject","inLanguage":"de","@id":"https:\/\/navos.ch\/#\/schema\/logo\/image\/","url":"https:\/\/i0.wp.com\/navos.ch\/wp-content\/uploads\/2023\/11\/cropped-cropped-cropped-cropped-LOGO-500X500-Web-Background.jpg?fit=511%2C432&ssl=1","contentUrl":"https:\/\/i0.wp.com\/navos.ch\/wp-content\/uploads\/2023\/11\/cropped-cropped-cropped-cropped-LOGO-500X500-Web-Background.jpg?fit=511%2C432&ssl=1","width":511,"height":432,"caption":"Natur- und Vogelschutzverein Stetten \/ K\u00fcnten"},"image":{"@id":"https:\/\/navos.ch\/#\/schema\/logo\/image\/"}}]}},"jetpack_likes_enabled":true,"jetpack_sharing_enabled":true,"jetpack_shortlink":"https:\/\/wp.me\/PeSOXa-6","jetpack-related-posts":[{"id":342,"url":"https:\/\/navos.ch\/?page_id=342","url_meta":{"origin":6,"position":0},"title":"Mitgliedschaft","author":"Sarah Wettstein","date":"24. Januar 2024","format":false,"excerpt":"Wir freuen uns \u00fcber... Stetterinnen und K\u00fcnter, \u00fcber K\u00fcnterinnen und Stetter, die zu einem lebendigen und zukunftsorientierten Umwelt- und Naturschutz um die Gemeinden Stetten und K\u00fcnten beitragen m\u00f6chten. Auch Interessierte aus umliegenden Gemeinden sind herzlich willkommen, im NAVOS mitzuwirken. Die Natur macht an den Gemeindegrenzen nicht Halt! helfende H\u00e4nde! M\u00f6chten\u2026","rel":"","context":"\u00c4hnlicher Beitrag","block_context":{"text":"\u00c4hnlicher Beitrag","link":""},"img":{"alt_text":"","src":"","width":0,"height":0},"classes":[]},{"id":343,"url":"https:\/\/navos.ch\/?page_id=343","url_meta":{"origin":6,"position":1},"title":"Statuten","author":"Sarah Wettstein","date":"19. November 2023","format":false,"excerpt":"Die aktuellen Statuten vom NAVOS Stetten\/K\u00fcnten vom 13.5.2022 sind unter folgendem Link einsehbar. STATUTEN","rel":"","context":"\u00c4hnlicher Beitrag","block_context":{"text":"\u00c4hnlicher Beitrag","link":""},"img":{"alt_text":"","src":"","width":0,"height":0},"classes":[]},{"id":373,"url":"https:\/\/navos.ch\/?page_id=373","url_meta":{"origin":6,"position":2},"title":"Nistkastenreinigung","author":"Sarah Wettstein","date":"19. November 2023","format":false,"excerpt":"Jeden Herbst im Oktober und November finden die Nistkastenreinigungen in Stetten und K\u00fcnten statt. Mit Stange, Besen und Karte ausger\u00fcstet machen sich die Gruppen auf, alle Nistk\u00e4sten zu kontrollieren, reinigen und protokollieren. Besch\u00e4digte Nistk\u00e4sten werden mitgenommen und repariert. L\u00e4ngst werden nicht alle Nistk\u00e4sten von Meisen, Spatzen und Kleiber bewohnt, auch\u2026","rel":"","context":"\u00c4hnlicher Beitrag","block_context":{"text":"\u00c4hnlicher Beitrag","link":""},"img":{"alt_text":"","src":"https:\/\/i0.wp.com\/navos.ch\/wp-content\/uploads\/2023\/04\/141741.jpg?resize=350%2C200&ssl=1","width":350,"height":200},"classes":[]},{"id":152,"url":"https:\/\/navos.ch\/?page_id=152","url_meta":{"origin":6,"position":3},"title":"Veranstaltungen","author":"navos2020","date":"19. November 2023","format":false,"excerpt":"Programm 2024 Jahresprogramm 2024 als PDF Foto: Stiftung Reusstal, Josef Fischer Februar\/M\u00e4rz 2024AmphibienschutzStrassensperrung zwischen Stetten und Sulz, Amphibienz\u00e4uneWer mitmachen m\u00f6chte, kann sich bei Doris H\u00e4ng\u00e4rtner melden! Sonntag, 28. April 2024MorgenexkursionSchule K\u00fcnten6.30 Uhr Foto: InfoFlora, Erwin J\u00f6rg Mai\/Juni 2024NeophytenArbeitseinsatz in Absprache mit den Gemeinden Stetten und K\u00fcnten Samstag, 8. Juni 2024SternwanderungGemeinsame\u2026","rel":"","context":"\u00c4hnlicher Beitrag","block_context":{"text":"\u00c4hnlicher Beitrag","link":""},"img":{"alt_text":"","src":"https:\/\/i0.wp.com\/navos.ch\/wp-content\/uploads\/2023\/04\/20_0321_erdkroeten_2_amphibienzaun-unterrueti_merenschwand.jpg?resize=350%2C200&ssl=1","width":350,"height":200},"classes":[]},{"id":7,"url":"https:\/\/navos.ch\/?page_id=7","url_meta":{"origin":6,"position":4},"title":"Galerie","author":"navos2020","date":"10. Januar 2021","format":false,"excerpt":"2025 Heckenpflege auf dem Honert in Stetten, 27. September 2025 Abschlussanlass Grundkurs Botanik, Sch\u00fctzenhaus T\u00e4gerig, Samstag, 21.6.2025 Winterexkursion an den Klingnauer Stausee am Sonntag, 5. Januar 2025 Fotos: Doris Wettstein 2024 Nistkastenreinigung in Stetten am Samstag, 19. Oktober 2024 Heckenpflege auf dem Honert in Stetten am Samstag, 21. September 2024\u2026","rel":"","context":"\u00c4hnlicher Beitrag","block_context":{"text":"\u00c4hnlicher Beitrag","link":""},"img":{"alt_text":"","src":"https:\/\/i0.wp.com\/navos.ch\/wp-content\/uploads\/2025\/10\/2025-09-27_Heckenpflege-Honert-Stetten_IMG_6062.jpg?resize=350%2C200&ssl=1","width":350,"height":200},"classes":[]},{"id":169,"url":"https:\/\/navos.ch\/?page_id=169","url_meta":{"origin":6,"position":5},"title":"Chronik","author":"navos2020","date":"19. November 2023","format":false,"excerpt":"Was wir heute tun, entscheidet dar\u00fcber, wie die Welt morgen aussiehtMarie von Ebner-Eschenbach \u00a0 1937 Gr\u00fcndungs-Versammlung:\u00a030. Januar 1937 20.00 Uhr, Gasthaus Krone Stetten. Auf Initiative von Herrn Walter Fischer, Lehrer und Oskar Wettstein, Niederrohrdorf, wurde ein Gr\u00fcndungs-Referat \u00fcber Vogelschutz und Sch\u00e4dlingsbek\u00e4mpfung, mit Lichtbildern, abgehalten. Referent ist Herr Stirnemann, Aarau. Nach\u2026","rel":"","context":"\u00c4hnlicher Beitrag","block_context":{"text":"\u00c4hnlicher Beitrag","link":""},"img":{"alt_text":"","src":"","width":0,"height":0},"classes":[]}],"_links":{"self":[{"href":"https:\/\/navos.ch\/index.php?rest_route=\/wp\/v2\/pages\/6","targetHints":{"allow":["GET"]}}],"collection":[{"href":"https:\/\/navos.ch\/index.php?rest_route=\/wp\/v2\/pages"}],"about":[{"href":"https:\/\/navos.ch\/index.php?rest_route=\/wp\/v2\/types\/page"}],"author":[{"embeddable":true,"href":"https:\/\/navos.ch\/index.php?rest_route=\/wp\/v2\/users\/196019482"}],"replies":[{"embeddable":true,"href":"https:\/\/navos.ch\/index.php?rest_route=%2Fwp%2Fv2%2Fcomments&post=6"}],"version-history":[{"count":401,"href":"https:\/\/navos.ch\/index.php?rest_route=\/wp\/v2\/pages\/6\/revisions"}],"predecessor-version":[{"id":3827,"href":"https:\/\/navos.ch\/index.php?rest_route=\/wp\/v2\/pages\/6\/revisions\/3827"}],"wp:attachment":[{"href":"https:\/\/navos.ch\/index.php?rest_route=%2Fwp%2Fv2%2Fmedia&parent=6"}],"curies":[{"name":"wp","href":"https:\/\/api.w.org\/{rel}","templated":true}]}}